{"id":12310,"date":"2015-03-11T15:25:31","date_gmt":"2015-03-11T14:25:31","guid":{"rendered":"https:\/\/cram.org\/?page_id=12310"},"modified":"2026-04-15T14:51:42","modified_gmt":"2026-04-15T13:51:42","slug":"gavina-vulgar","status":"publish","type":"page","link":"https:\/\/cram.org\/ca\/cataleg-especies\/aus-marines\/limicoles-gavines-alcids\/gavina-vulgar\/","title":{"rendered":"Gavina Vulgar"},"content":{"rendered":"<p><div class=\"fusion-fullwidth fullwidth-box fusion-builder-row-1 nonhundred-percent-fullwidth non-hundred-percent-height-scrolling\" style=\"--awb-border-radius-top-left:0px;--awb-border-radius-top-right:0px;--awb-border-radius-bottom-right:0px;--awb-border-radius-bottom-left:0px;--awb-margin-top:-55px;--awb-flex-wrap:wrap;\" ><div class=\"fusion-builder-row fusion-row\"><div class=\"fusion-layout-column fusion_builder_column fusion-builder-column-0 fusion_builder_column_1_1 1_1 fusion-one-full fusion-column-first fusion-column-last\" style=\"--awb-bg-size:cover;\"><div class=\"fusion-column-wrapper fusion-column-has-shadow fusion-flex-column-wrapper-legacy\"><div class=\"fusion-text fusion-text-1\"><h1 style=\"text-align: center; color: #0098c3;\"><strong>GAVINA VULGAR<\/strong><\/h1>\n<\/div><div class=\"fusion-clearfix\"><\/div><\/div><\/div><\/div><\/div><div class=\"fusion-fullwidth fullwidth-box fusion-builder-row-2 has-pattern-background has-mask-background nonhundred-percent-fullwidth non-hundred-percent-height-scrolling\" style=\"--awb-border-radius-top-left:0px;--awb-border-radius-top-right:0px;--awb-border-radius-bottom-right:0px;--awb-border-radius-bottom-left:0px;--awb-flex-wrap:wrap;\" ><div class=\"fusion-builder-row fusion-row\"><div class=\"fusion-layout-column fusion_builder_column fusion-builder-column-1 fusion_builder_column_1_1 1_1 fusion-one-full fusion-column-first fusion-column-last\" style=\"--awb-bg-size:cover;\"><div class=\"fusion-column-wrapper fusion-column-has-shadow fusion-flex-column-wrapper-legacy\"><div class=\"fusion-sep-clear\"><\/div><div class=\"fusion-separator fusion-full-width-sep\" style=\"margin-left: auto;margin-right: auto;margin-top:250px;margin-bottom:250px;width:100%;\"><\/div><div class=\"fusion-sep-clear\"><\/div><div class=\"fusion-clearfix\"><\/div><\/div><\/div><\/div><\/div><div class=\"fusion-fullwidth fullwidth-box fusion-builder-row-3 nonhundred-percent-fullwidth non-hundred-percent-height-scrolling\" style=\"--awb-border-radius-top-left:0px;--awb-border-radius-top-right:0px;--awb-border-radius-bottom-right:0px;--awb-border-radius-bottom-left:0px;--awb-padding-top:30px;--awb-flex-wrap:wrap;\" ><div class=\"fusion-builder-row fusion-row\"><div class=\"fusion-layout-column fusion_builder_column fusion-builder-column-2 fusion_builder_column_1_2 1_2 fusion-one-half fusion-column-first fusion-animated\" style=\"--awb-bg-size:cover;width:50%;width:calc(50% - ( ( 4% ) * 0.5 ) );margin-right: 4%;\" data-animationType=\"slideInLeft\" data-animationDuration=\"0.3\" data-animationOffset=\"top-into-view\"><div class=\"fusion-column-wrapper fusion-column-has-shadow fusion-flex-column-wrapper-legacy\"><div class=\"fusion-text fusion-text-2\"><h2 style=\"color: #0098c3;\"><strong>TAXONOMIA<\/strong><\/h2>\n<\/div><div class=\"fusion-text fusion-text-3\"><ul style=\"color: #636363;\">\n<li><strong>Nom cient\u00edfic<\/strong>: Chroicocephalus ridibundus (antes Larus ridibundus)<\/li>\n<li><strong>Classe<\/strong>: Aus<\/li>\n<li><strong>Ordre<\/strong>: Charadriiformes<\/li>\n<li><strong>Fam\u00edlia<\/strong>: Laridae<\/li>\n<\/ul>\n<\/div><div class=\"fusion-text fusion-text-4\"><h3 style=\"color: #0098c3;\"><strong>Noms comuns<\/strong><\/h3>\n<\/div><div class=\"fusion-text fusion-text-5\"><p style=\"text-align: justify; color: #636363;\">Gaviota reidora (castellano), gavina vulgar (catal\u00e1n), gaviota chorona (gallego), antxeta mokogorria (vasco), black-headed gull (ingl\u00e9s) y mouette rieuse (franc\u00e9s).<\/p>\n<\/div><div class=\"fusion-clearfix\"><\/div><\/div><\/div><div class=\"fusion-layout-column fusion_builder_column fusion-builder-column-3 fusion_builder_column_1_2 1_2 fusion-one-half fusion-column-last fusion-animated\" style=\"--awb-bg-size:cover;width:50%;width:calc(50% - ( ( 4% ) * 0.5 ) );\" data-animationType=\"slideInRight\" data-animationDuration=\"0.3\" data-animationOffset=\"top-into-view\"><div class=\"fusion-column-wrapper fusion-column-has-shadow fusion-flex-column-wrapper-legacy\"><div class=\"fusion-text fusion-text-6\"><h2 style=\"color: #0098c3;\"><strong>ESTAT DE CONSERVACI\u00d3<\/strong><\/h2>\n<\/div><div class=\"fusion-text fusion-text-7\"><ul style=\"color: #636363;\">\n<li><strong>Catalogada per la UICN<\/strong>: M\u00ednima preocupaci\u00f3<\/li>\n<li><strong>Catalogada per el CITES<\/strong>: No catalogada<\/li>\n<li><strong>Cat\u00e0leg espanyol d\u2019esp\u00e8cies amena\u00e7ades<\/strong>: No catalogada<\/li>\n<li><strong>Llibre vermell de les aus a Espanya<\/strong>:\u00a0No catalogada<\/li>\n<\/ul>\n<\/div><div class=\"fusion-clearfix\"><\/div><\/div><\/div><\/div><\/div><div class=\"fusion-fullwidth fullwidth-box fusion-builder-row-4 nonhundred-percent-fullwidth non-hundred-percent-height-scrolling\" style=\"--awb-border-radius-top-left:0px;--awb-border-radius-top-right:0px;--awb-border-radius-bottom-right:0px;--awb-border-radius-bottom-left:0px;--awb-padding-top:20px;--awb-background-color:#0098c3;--awb-flex-wrap:wrap;\" ><div class=\"fusion-builder-row fusion-row\"><div class=\"fusion-layout-column fusion_builder_column fusion-builder-column-4 fusion_builder_column_1_1 1_1 fusion-one-full fusion-column-first fusion-column-last fusion-animated\" style=\"--awb-bg-size:cover;\" data-animationType=\"slideInLeft\" data-animationDuration=\"0.3\" data-animationOffset=\"top-into-view\"><div class=\"fusion-column-wrapper fusion-column-has-shadow fusion-flex-column-wrapper-legacy\"><div class=\"fusion-text fusion-text-8\"><h2 style=\"text-align: center; color: #ffffff;\"><strong>DISTRIBUCI\u00d3 I H\u00c0BITAT<\/strong><\/h2>\n<\/div><div class=\"fusion-clearfix\"><\/div><\/div><\/div><div class=\"fusion-layout-column fusion_builder_column fusion-builder-column-5 fusion_builder_column_1_1 1_1 fusion-one-full fusion-column-first fusion-column-last fusion-animated\" style=\"--awb-bg-size:cover;\" data-animationType=\"slideInRight\" data-animationDuration=\"0.3\" data-animationOffset=\"top-into-view\"><div class=\"fusion-column-wrapper fusion-column-has-shadow fusion-flex-column-wrapper-legacy\"><div class=\"fusion-text fusion-text-9\"><p style=\"text-align: justify; color: #ffffff;\">La gavina vulgar habita \u00e0mplies regions d\u2019Europa i \u00c0sia, aix\u00ed com la costa oriental del Canad\u00e0. Encara que es troben comunitats residents a les zones m\u00e9s c\u00e0lides d\u2019Europa occidental, la major part de les poblacions de gavina vulgar migren cap a latituds meridionals durant els mesos d\u2019hivern.<\/p>\n<p style=\"text-align: justify; color: #ffffff;\">Viu a prop de poblacions costaneres i fluvials, per\u00f2 tamb\u00e9 s\u2019ha adaptat a viure en zones de l\u2019interior.<\/p>\n<\/div><div class=\"fusion-clearfix\"><\/div><\/div><\/div><\/div><\/div><div class=\"fusion-fullwidth fullwidth-box fusion-builder-row-5 nonhundred-percent-fullwidth non-hundred-percent-height-scrolling\" style=\"--awb-border-radius-top-left:0px;--awb-border-radius-top-right:0px;--awb-border-radius-bottom-right:0px;--awb-border-radius-bottom-left:0px;--awb-background-color:#3dbab3;--awb-flex-wrap:wrap;\" ><div class=\"fusion-builder-row fusion-row\"><div class=\"fusion-layout-column fusion_builder_column fusion-builder-column-6 fusion_builder_column_1_1 1_1 fusion-one-full fusion-column-first fusion-column-last\" style=\"--awb-bg-size:cover;\"><div class=\"fusion-column-wrapper fusion-column-has-shadow fusion-flex-column-wrapper-legacy\"><div class=\"fusion-section-separator section-separator slant fusion-section-separator-1\" style=\"--awb-spacer-height:99px;--awb-svg-margin-left:0;--awb-svg-margin-right:0;--awb-divider-height:99px;--awb-spacer-padding-top:inherit;--awb-sep-padding:0;--awb-svg-padding:0;\"><div class=\"fusion-section-separator-svg\"><svg class=\"fusion-slant-candy\" xmlns=\"http:\/\/www.w3.org\/2000\/svg\" version=\"1.1\" width=\"100%\" height=\"100\" viewBox=\"0 0 100 100\" preserveAspectRatio=\"none\" fill=\"rgba(0,152,195,1)\"><path d=\"M100 0 L100 100 L0 0 Z\"><\/path><\/svg><\/div><div class=\"fusion-section-separator-spacer\"><div class=\"fusion-section-separator-spacer-height\"><\/div><\/div><\/div><div class=\"fusion-clearfix\"><\/div><\/div><\/div><\/div><\/div><div class=\"fusion-fullwidth fullwidth-box fusion-builder-row-6 nonhundred-percent-fullwidth non-hundred-percent-height-scrolling\" style=\"--awb-border-radius-top-left:0px;--awb-border-radius-top-right:0px;--awb-border-radius-bottom-right:0px;--awb-border-radius-bottom-left:0px;--awb-background-color:#3dbab3;--awb-flex-wrap:wrap;\" ><div class=\"fusion-builder-row fusion-row\"><div class=\"fusion-layout-column fusion_builder_column fusion-builder-column-7 fusion_builder_column_1_1 1_1 fusion-one-full fusion-column-first fusion-column-last fusion-animated\" style=\"--awb-bg-size:cover;\" data-animationType=\"slideInDown\" data-animationDuration=\"0.3\" data-animationOffset=\"top-into-view\"><div class=\"fusion-column-wrapper fusion-column-has-shadow fusion-flex-column-wrapper-legacy\"><div class=\"fusion-text fusion-text-10\"><h2 style=\"text-align: center; color: #ffffff;\"><strong>BIOLOGIA<\/strong><\/h2>\n<\/div><div class=\"fusion-clearfix\"><\/div><\/div><\/div><div class=\"fusion-layout-column fusion_builder_column fusion-builder-column-8 fusion_builder_column_1_2 1_2 fusion-one-half fusion-column-first fusion-animated\" style=\"--awb-bg-size:cover;width:50%;width:calc(50% - ( ( 4% ) * 0.5 ) );margin-right: 4%;\" data-animationType=\"slideInLeft\" data-animationDuration=\"0.3\" data-animationOffset=\"top-into-view\"><div class=\"fusion-column-wrapper fusion-column-has-shadow fusion-flex-column-wrapper-legacy\"><div class=\"fusion-text fusion-text-11\"><h3 style=\"text-align: justify; color: #ffffff;\"><strong>Descripci\u00f3<\/strong><\/h3>\n<p style=\"text-align: justify; color: #ffffff;\">\u00c9s una gavina de mida m\u00e9s aviat petita, fa entre 54 i 60 cm i pesa entre 210 i 300 grams. L\u2019envergadura alar pot arribar a fer un metre. \u00c9s de color blanc, per\u00f2 les ales s\u00f3n grises i tenen la punta negra. Durant l\u2019estiu, \u00e8poca reproductora, el plomatge del cap \u00e9s de color xocolata, excepte la nuca, que \u00e9s blanca; a l\u2019hivern, en canvi, el cap \u00e9s de color blanc i nom\u00e9s t\u00e9 un punt negr\u00f3s darrere l\u2019ull. Les potes s\u00f3n d\u2019un color vermell ataronjat i el bec \u00e9s vermell, per\u00f2 pot ser gaireb\u00e9 negre a l\u2019estiu.<\/p>\n<p style=\"text-align: justify; color: #ffffff;\">Presenta un m\u00ednim dimorfisme sexual, ja que els mascles s\u00f3n lleugerament m\u00e9s grans que les femelles.<\/p>\n<p style=\"text-align: justify; color: #ffffff;\">Els exemplars joves tenen un plomatge entre gris i bru i no presenten el caracter\u00edstic caputx\u00f3 fosc. Assoleixen el plomatge definitiu en el segon any de vida, despr\u00e9s de successives mudes.<\/p>\n<\/div><div class=\"fusion-text fusion-text-12\"><h3 style=\"text-align: justify; color: #ffffff;\"><strong>Reproducci\u00f3<\/strong><\/h3>\n<p style=\"text-align: justify; color: #ffffff;\">La <strong>gavina vulgar<\/strong> nidifica en col\u00f2nies de centenars de parelles, entre els mesos d\u2019abril i juliol. Fa el niu en salines, llacunes i aiguamolls, entre la vegetaci\u00f3. La parella construeix una muntanya voluminosa de vegetaci\u00f3 seca, on la femella diposita dos o tres ous d\u2019un color entre marr\u00f3 i verd amb taques fosques. Tots dos progenitors incuben els ous durant uns 23 dies. Despr\u00e9s neixen uns pollets amb plomissol abundant, que abandonen el niu al cap de pocs dies per deambular pels voltants. Assoleixen el desenvolupament complet i la independ\u00e8ncia aproximadament a les cinc setmanes de vida, per\u00f2 triguen dos anys a arribar a la maduresa sexual.<\/p>\n<\/div><div class=\"fusion-clearfix\"><\/div><\/div><\/div><div class=\"fusion-layout-column fusion_builder_column fusion-builder-column-9 fusion_builder_column_1_2 1_2 fusion-one-half fusion-column-last fusion-animated\" style=\"--awb-bg-size:cover;width:50%;width:calc(50% - ( ( 4% ) * 0.5 ) );\" data-animationType=\"slideInRight\" data-animationDuration=\"0.3\" data-animationOffset=\"top-into-view\"><div class=\"fusion-column-wrapper fusion-column-has-shadow fusion-flex-column-wrapper-legacy\"><div class=\"fusion-text fusion-text-13\"><h3 style=\"text-align: justify; color: #ffffff;\"><strong>Alimentaci\u00f3<\/strong><\/h3>\n<p style=\"text-align: justify; color: #ffffff;\">\u00c9s una au omn\u00edvora i oportunista capa\u00e7 d\u2019ingerir una gran varietat d\u2019aliments. Al mar, la seva alimentaci\u00f3 es compon principalment de peixets, aix\u00ed com d\u2019altres animals de mida petita. A l\u2019interior, s\u2019alimenta de cucs i larves d\u2019insectes, tot i que a les ciutats s\u2019ha adaptat a alimentar-se de deixalles org\u00e0niques.<\/p>\n<\/div><div class=\"fusion-text fusion-text-14\"><h3 style=\"text-align: justify; color: #ffffff;\"><strong>Comportament<\/strong><\/h3>\n<p style=\"text-align: justify; color: #ffffff;\">En gran part de la seva \u00e0rea de distribuci\u00f3, la gavina vulgar es comporta com una esp\u00e8cie migradora, que es despla\u00e7a cap al sud per passar l\u2019hivern en zones com el mar B\u00e0ltic, el mar Mediterrani, i fins i tot les costes d\u2019\u00c0frica del nord. Tenen un vol r\u00e0pid i actiu per\u00f2 tamb\u00e9 poden planejar i remuntar.<\/p>\n<p style=\"text-align: justify; color: #ffffff;\">Sovint van en petits grups d\u2019entre 10 i 20 exemplars. S\u00f3n animals territorials, com altres esp\u00e8cies de gavina, i defensen la seva zona de cria amb exhibicions ritualitzades.<\/p>\n<p style=\"text-align: justify; color: #ffffff;\">\u00c9s una esp\u00e8cie sorollosa que t\u00e9 un registre variat, des de crides m\u00e9s sonores \u201ckraa\u201d, fins a estridents crits d\u2019alarma \u201ckek\u201d.<\/p>\n<\/div><div class=\"fusion-clearfix\"><\/div><\/div><\/div><\/div><\/div><div class=\"fusion-fullwidth fullwidth-box fusion-builder-row-7 nonhundred-percent-fullwidth non-hundred-percent-height-scrolling\" style=\"--awb-border-radius-top-left:0px;--awb-border-radius-top-right:0px;--awb-border-radius-bottom-right:0px;--awb-border-radius-bottom-left:0px;--awb-background-color:#ff9b2f;--awb-flex-wrap:wrap;\" ><div class=\"fusion-builder-row fusion-row\"><div class=\"fusion-layout-column fusion_builder_column fusion-builder-column-10 fusion_builder_column_1_1 1_1 fusion-one-full fusion-column-first fusion-column-last\" style=\"--awb-bg-size:cover;\"><div class=\"fusion-column-wrapper fusion-column-has-shadow fusion-flex-column-wrapper-legacy\"><div class=\"fusion-section-separator section-separator slant fusion-section-separator-2\" style=\"--awb-spacer-height:99px;--awb-svg-margin-left:0;--awb-svg-margin-right:0;--awb-divider-height:99px;--awb-spacer-padding-top:inherit;--awb-sep-padding:0;--awb-svg-padding:0;\"><div class=\"fusion-section-separator-svg\"><svg class=\"fusion-slant-candy\" xmlns=\"http:\/\/www.w3.org\/2000\/svg\" version=\"1.1\" width=\"100%\" height=\"100\" viewBox=\"0 0 100 100\" preserveAspectRatio=\"none\" fill=\"rgba(61,186,179,1)\"><path d=\"M0 100 L0 0 L100 0 Z\"><\/path><\/svg><\/div><div class=\"fusion-section-separator-spacer\"><div class=\"fusion-section-separator-spacer-height\"><\/div><\/div><\/div><div class=\"fusion-clearfix\"><\/div><\/div><\/div><\/div><\/div><div class=\"fusion-fullwidth fullwidth-box fusion-builder-row-8 nonhundred-percent-fullwidth non-hundred-percent-height-scrolling\" style=\"--awb-border-radius-top-left:0px;--awb-border-radius-top-right:0px;--awb-border-radius-bottom-right:0px;--awb-border-radius-bottom-left:0px;--awb-background-color:#ff9b2f;--awb-flex-wrap:wrap;\" ><div class=\"fusion-builder-row fusion-row\"><div class=\"fusion-layout-column fusion_builder_column fusion-builder-column-11 fusion_builder_column_1_1 1_1 fusion-one-full fusion-column-first fusion-column-last fusion-animated\" style=\"--awb-bg-size:cover;\" data-animationType=\"slideInLeft\" data-animationDuration=\"0.3\" data-animationOffset=\"top-into-view\"><div class=\"fusion-column-wrapper fusion-column-has-shadow fusion-flex-column-wrapper-legacy\"><div class=\"fusion-text fusion-text-15\"><h2 style=\"text-align: center; color: #ffffff;\"><strong>AMENACES<\/strong><\/h2>\n<\/div><div class=\"fusion-clearfix\"><\/div><\/div><\/div><div class=\"fusion-layout-column fusion_builder_column fusion-builder-column-12 fusion_builder_column_1_1 1_1 fusion-one-full fusion-column-first fusion-column-last fusion-animated\" style=\"--awb-bg-size:cover;\" data-animationType=\"slideInRight\" data-animationDuration=\"0.3\" data-animationOffset=\"top-into-view\"><div class=\"fusion-column-wrapper fusion-column-has-shadow fusion-flex-column-wrapper-legacy\"><div class=\"fusion-text fusion-text-16\"><p style=\"text-align: justify; color: #ffffff;\">Antigament, la gavina vulgar es ca\u00e7ava i se\u2019n recollien els ous. Actualment, no presenta amenaces importants a escala global. Aquesta esp\u00e8cie \u00e9s m\u00e9s vulnerable en \u00e8poca de cria, pel fet que es concentra un gran nombre d\u2019individus que no toleren les mol\u00e8sties d\u2019origen hum\u00e0 ni els depredadors, com els gossos. S\u2019han vist variacions poblacionals que podrien estar relacionades amb els cicles de sequera de les zones de nidificaci\u00f3. Un canvi en la gesti\u00f3 dels residus urbans podria fer disminuir la quantitat d\u2019aliment que aquesta esp\u00e8cie oportunista aconsegueix dels abocadors.<\/p>\n<\/div><div class=\"fusion-clearfix\"><\/div><\/div><\/div><\/div><\/div><div class=\"fusion-fullwidth fullwidth-box fusion-builder-row-9 nonhundred-percent-fullwidth non-hundred-percent-height-scrolling\" style=\"--awb-border-radius-top-left:0px;--awb-border-radius-top-right:0px;--awb-border-radius-bottom-right:0px;--awb-border-radius-bottom-left:0px;--awb-padding-top:30px;--awb-padding-bottom:-70px;--awb-flex-wrap:wrap;\" ><div class=\"fusion-builder-row fusion-row\"><div class=\"fusion-layout-column fusion_builder_column fusion-builder-column-13 fusion_builder_column_1_1 1_1 fusion-one-full fusion-column-first fusion-column-last fusion-animated\" style=\"--awb-bg-size:cover;\" data-animationType=\"slideInLeft\" data-animationDuration=\"0.3\" data-animationOffset=\"top-into-view\"><div class=\"fusion-column-wrapper fusion-column-has-shadow fusion-flex-column-wrapper-legacy\"><div class=\"fusion-text fusion-text-17\"><h2 style=\"color: #636363; text-align: center;\"><strong>IMATGES<\/strong><\/h2>\n<\/div><div class=\"awb-gallery-wrapper awb-gallery-wrapper-1 button-span-no\" style=\"--more-btn-alignment:center;\"><div style=\"margin:-5px;--awb-bordersize:0px;\" class=\"fusion-gallery fusion-gallery-container fusion-grid-2 fusion-columns-total-4 fusion-gallery-layout-grid fusion-gallery-1\"><div style=\"padding:5px;\" class=\"fusion-grid-column fusion-gallery-column fusion-gallery-column-2 hover-type-none\"><div class=\"fusion-gallery-image\"><a rel=\"noreferrer\" data-rel=\"iLightbox[gallery_image_1]\" class=\"fusion-lightbox\" target=\"_self\"><img decoding=\"async\" src=\"\" width=\"\" height=\"\" alt=\"\" title=\"\" aria-label=\"\" class=\"img-responsive wp-image-0\"  \/><\/a><\/div><\/div><div style=\"padding:5px;\" class=\"fusion-grid-column fusion-gallery-column fusion-gallery-column-2 hover-type-none\"><div class=\"fusion-gallery-image\"><a rel=\"noreferrer\" data-rel=\"iLightbox[gallery_image_1]\" class=\"fusion-lightbox\" target=\"_self\"><img decoding=\"async\" src=\"\" width=\"\" height=\"\" alt=\"\" title=\"\" aria-label=\"\" class=\"img-responsive wp-image-0\"  \/><\/a><\/div><\/div><div class=\"clearfix\"><\/div><div style=\"padding:5px;\" class=\"fusion-grid-column fusion-gallery-column fusion-gallery-column-2 hover-type-none\"><div class=\"fusion-gallery-image\"><a rel=\"noreferrer\" data-rel=\"iLightbox[gallery_image_1]\" class=\"fusion-lightbox\" target=\"_self\"><img decoding=\"async\" src=\"\" width=\"\" height=\"\" alt=\"\" title=\"\" aria-label=\"\" class=\"img-responsive wp-image-0\"  \/><\/a><\/div><\/div><div style=\"padding:5px;\" class=\"fusion-grid-column fusion-gallery-column fusion-gallery-column-2 hover-type-none\"><div class=\"fusion-gallery-image\"><a rel=\"noreferrer\" data-rel=\"iLightbox[gallery_image_1]\" class=\"fusion-lightbox\" target=\"_self\"><img decoding=\"async\" src=\"\" width=\"\" height=\"\" alt=\"\" title=\"\" aria-label=\"\" class=\"img-responsive wp-image-0\"  \/><\/a><\/div><\/div><div class=\"clearfix\"><\/div><\/div><\/div><div class=\"fusion-clearfix\"><\/div><\/div><\/div><\/div><\/div><div class=\"fusion-fullwidth fullwidth-box fusion-builder-row-10 hundred-percent-fullwidth non-hundred-percent-height-scrolling\" style=\"--awb-border-radius-top-left:0px;--awb-border-radius-top-right:0px;--awb-border-radius-bottom-right:0px;--awb-border-radius-bottom-left:0px;--awb-flex-wrap:wrap;\" ><div class=\"fusion-builder-row fusion-row\"><div class=\"fusion-layout-column fusion_builder_column fusion-builder-column-14 fusion_builder_column_1_1 1_1 fusion-one-full fusion-column-first fusion-column-last\" style=\"--awb-bg-size:cover;--awb-margin-bottom:-30px;\"><div class=\"fusion-column-wrapper fusion-column-has-shadow fusion-flex-column-wrapper-legacy\"><div class=\"fusion-text fusion-text-18\"><h1 style=\"text-align: center; color: #0098c3;\"><strong>SEGUEIX DESCOBRINT EL NOSTRE CAT\u00c0LEG<\/strong><\/h1>\n<\/div><div class=\"fusion-clearfix\"><\/div><\/div><\/div><div class=\"fusion-layout-column fusion_builder_column fusion-builder-column-15 fusion_builder_column_1_1 1_1 fusion-one-full fusion-column-first fusion-column-last fusion-animated\" style=\"--awb-bg-size:cover;\" data-animationType=\"slideInRight\" data-animationDuration=\"0.3\" data-animationOffset=\"top-into-view\"><div class=\"fusion-column-wrapper fusion-column-has-shadow fusion-flex-column-wrapper-legacy\"><div class=\"fusion-content-boxes content-boxes columns row fusion-columns-5 fusion-columns-total-5 fusion-content-boxes-1 content-boxes-clean-vertical content-left content-boxes-icon-on-top\" style=\"--awb-body-color:#636363;--awb-title-color:#636363;--awb-hover-accent-color:#9ed2db;--awb-circle-hover-accent-color:#9ed2db;\" data-animationOffset=\"top-into-view\"><div style=\"--awb-backgroundcolor:rgba(255,255,255,0);border-color:rgba(255,255,255,0);\" class=\"fusion-column content-box-column content-box-column-1 col-lg-2 col-md-2 col-sm-2 fusion-content-box-hover content-box-column-first-in-row\"><div class=\"col content-box-wrapper content-wrapper link-area-link-icon link-type-text icon-hover-animation-fade\" data-animationOffset=\"top-into-view\"><div class=\"heading icon-left\"><a class=\"heading-link\" href=\"https:\/\/cram.org\/ca\/cataleg-especies\/aus-marines\/\" target=\"_self\"><h2 class=\"content-box-heading\" style=\"--h2_typography-font-size:18px;line-height:23px;\">AUS MARINES<\/h2><\/a><\/div><div class=\"fusion-clearfix\"><\/div><a class=\" fusion-read-more\" href=\"https:\/\/cram.org\/ca\/cataleg-especies\/aus-marines\/\" target=\"_self\">M\u00e9s info<\/a><div class=\"fusion-clearfix\"><\/div><\/div><\/div><div style=\"--awb-backgroundcolor:rgba(255,255,255,0);border-color:rgba(255,255,255,0);\" class=\"fusion-column content-box-column content-box-column-2 col-lg-2 col-md-2 col-sm-2 fusion-content-box-hover \"><div class=\"col content-box-wrapper content-wrapper link-area-link-icon link-type-text icon-hover-animation-fade\" data-animationOffset=\"top-into-view\"><div class=\"heading icon-left\"><a class=\"heading-link\" href=\"https:\/\/cram.org\/ca\/cataleg-especies\/mamifers-marins\/\" target=\"_self\"><h2 class=\"content-box-heading\" style=\"--h2_typography-font-size:18px;line-height:23px;\">MAM\u00cdFERS MARINS<\/h2><\/a><\/div><div class=\"fusion-clearfix\"><\/div><a class=\" fusion-read-more\" href=\"https:\/\/cram.org\/ca\/cataleg-especies\/mamifers-marins\/\" target=\"_self\">M\u00e9s info<\/a><div class=\"fusion-clearfix\"><\/div><\/div><\/div><div style=\"--awb-backgroundcolor:rgba(255,255,255,0);border-color:rgba(255,255,255,0);\" class=\"fusion-column content-box-column content-box-column-3 col-lg-2 col-md-2 col-sm-2 fusion-content-box-hover \"><div class=\"col content-box-wrapper content-wrapper link-area-link-icon link-type-text icon-hover-animation-fade\" data-animationOffset=\"top-into-view\"><div class=\"heading icon-left\"><a class=\"heading-link\" href=\"https:\/\/cram.org\/ca\/cataleg-especies\/reptils-marins\/\" target=\"_self\"><h2 class=\"content-box-heading\" style=\"--h2_typography-font-size:18px;line-height:23px;\">R\u00c8PTILS MARINS<\/h2><\/a><\/div><div class=\"fusion-clearfix\"><\/div><a class=\" fusion-read-more\" href=\"https:\/\/cram.org\/ca\/cataleg-especies\/reptils-marins\/\" target=\"_self\">M\u00e9s info<\/a><div class=\"fusion-clearfix\"><\/div><\/div><\/div><div style=\"--awb-backgroundcolor:rgba(255,255,255,0);border-color:rgba(255,255,255,0);\" class=\"fusion-column content-box-column content-box-column-4 col-lg-2 col-md-2 col-sm-2 fusion-content-box-hover \"><div class=\"col content-box-wrapper content-wrapper link-area-link-icon link-type-text icon-hover-animation-fade\" data-animationOffset=\"top-into-view\"><div class=\"heading icon-left\"><a class=\"heading-link\" href=\"https:\/\/cram.org\/ca\/cataleg-especies\/fons-marins\/\" target=\"_self\"><h2 class=\"content-box-heading\" style=\"--h2_typography-font-size:18px;line-height:23px;\">FONS MARINS<\/h2><\/a><\/div><div class=\"fusion-clearfix\"><\/div><a class=\" fusion-read-more\" href=\"https:\/\/cram.org\/ca\/cataleg-especies\/fons-marins\/\" target=\"_self\">M\u00e9s info<\/a><div class=\"fusion-clearfix\"><\/div><\/div><\/div><div style=\"--awb-backgroundcolor:rgba(255,255,255,0);border-color:rgba(255,255,255,0);\" class=\"fusion-column content-box-column content-box-column-5 col-lg-2 col-md-2 col-sm-2 fusion-content-box-hover content-box-column-last content-box-column-last-in-row\"><div class=\"col content-box-wrapper content-wrapper link-area-link-icon link-type-text icon-hover-animation-fade\" data-animationOffset=\"top-into-view\"><div class=\"heading icon-left\"><a class=\"heading-link\" href=\"https:\/\/cram.org\/ca\/cataleg-especies\/peixos\/\" target=\"_self\"><h2 class=\"content-box-heading\" style=\"--h2_typography-font-size:18px;line-height:23px;\">PEIXOS<\/h2><\/a><\/div><div class=\"fusion-clearfix\"><\/div><a class=\" fusion-read-more\" href=\"https:\/\/cram.org\/ca\/cataleg-especies\/peixos\/\" target=\"_self\">M\u00e9s info<\/a><div class=\"fusion-clearfix\"><\/div><\/div><\/div><div class=\"fusion-clearfix\"><\/div><\/div><div class=\"fusion-clearfix\"><\/div><\/div><\/div><\/div><\/div><\/p>\n","protected":false},"excerpt":{"rendered":"","protected":false},"author":1,"featured_media":0,"parent":12307,"menu_order":0,"comment_status":"closed","ping_status":"closed","template":"100-width.php","meta":{"footnotes":"","_members_access_role":[],"_members_access_error":""},"class_list":["post-12310","page","type-page","status-publish","hentry"],"yoast_head":"<!-- This site is optimized with the Yoast SEO plugin v28.4 - https:\/\/yoast.com\/product\/yoast-seo-wordpress\/ -->\n<title>Gavina Vulgar (Chroicocephalus ridibundus) | CRAM<\/title>\n<meta name=\"description\" content=\"Tot el que necessites con\u00e8ixer sobre la Gavina Vulgar (Chroicocephalus ridibundus) al cat\u00e0leg d&#039;esp\u00e8cies de la Fundaci\u00f3 CRAM: h\u00e0bitat, biologia i amenaces.\" \/>\n<meta name=\"robots\" content=\"index, follow, max-snippet:-1, max-image-preview:large, max-video-preview:-1\" \/>\n<link rel=\"canonical\" href=\"https:\/\/cram.org\/ca\/cataleg-especies\/aus-marines\/limicoles-gavines-alcids\/gavina-vulgar\/\" \/>\n<meta property=\"og:locale\" content=\"ca_ES\" \/>\n<meta property=\"og:type\" content=\"article\" \/>\n<meta property=\"og:title\" content=\"Gavina Vulgar (Chroicocephalus ridibundus) | CRAM\" \/>\n<meta property=\"og:description\" content=\"Tot el que necessites con\u00e8ixer sobre la Gavina Vulgar (Chroicocephalus ridibundus) al cat\u00e0leg d&#039;esp\u00e8cies de la Fundaci\u00f3 CRAM: h\u00e0bitat, biologia i amenaces.\" \/>\n<meta property=\"og:url\" content=\"https:\/\/cram.org\/ca\/cataleg-especies\/aus-marines\/limicoles-gavines-alcids\/gavina-vulgar\/\" \/>\n<meta property=\"og:site_name\" content=\"CRAM\" \/>\n<meta property=\"article:publisher\" content=\"https:\/\/www.facebook.com\/fundacioncram\" \/>\n<meta property=\"article:modified_time\" content=\"2026-04-15T13:51:42+00:00\" \/>\n<meta property=\"og:image\" content=\"https:\/\/cram.org\/wp-content\/uploads\/2013\/12\/logo-CRAM.png\" \/>\n\t<meta property=\"og:image:width\" content=\"420\" \/>\n\t<meta property=\"og:image:height\" content=\"79\" \/>\n\t<meta property=\"og:image:type\" content=\"image\/png\" \/>\n<meta name=\"twitter:card\" content=\"summary_large_image\" \/>\n<meta name=\"twitter:site\" content=\"@crampress\" \/>\n<meta name=\"twitter:label1\" content=\"Temps estimat de lectura\" \/>\n\t<meta name=\"twitter:data1\" content=\"4 minuts\" \/>\n<script type=\"application\/ld+json\" class=\"yoast-schema-graph\">{\"@context\":\"https:\\\/\\\/schema.org\",\"@graph\":[{\"@type\":\"WebPage\",\"@id\":\"https:\\\/\\\/cram.org\\\/ca\\\/cataleg-especies\\\/aus-marines\\\/limicoles-gavines-alcids\\\/gavina-vulgar\\\/\",\"url\":\"https:\\\/\\\/cram.org\\\/ca\\\/cataleg-especies\\\/aus-marines\\\/limicoles-gavines-alcids\\\/gavina-vulgar\\\/\",\"name\":\"Gavina Vulgar (Chroicocephalus ridibundus) | CRAM\",\"isPartOf\":{\"@id\":\"https:\\\/\\\/cram.org\\\/#website\"},\"datePublished\":\"2015-03-11T14:25:31+00:00\",\"dateModified\":\"2026-04-15T13:51:42+00:00\",\"description\":\"Tot el que necessites con\u00e8ixer sobre la Gavina Vulgar (Chroicocephalus ridibundus) al cat\u00e0leg d'esp\u00e8cies de la Fundaci\u00f3 CRAM: h\u00e0bitat, biologia i amenaces.\",\"breadcrumb\":{\"@id\":\"https:\\\/\\\/cram.org\\\/ca\\\/cataleg-especies\\\/aus-marines\\\/limicoles-gavines-alcids\\\/gavina-vulgar\\\/#breadcrumb\"},\"inLanguage\":\"ca\",\"potentialAction\":[{\"@type\":\"ReadAction\",\"target\":[\"https:\\\/\\\/cram.org\\\/ca\\\/cataleg-especies\\\/aus-marines\\\/limicoles-gavines-alcids\\\/gavina-vulgar\\\/\"]}]},{\"@type\":\"BreadcrumbList\",\"@id\":\"https:\\\/\\\/cram.org\\\/ca\\\/cataleg-especies\\\/aus-marines\\\/limicoles-gavines-alcids\\\/gavina-vulgar\\\/#breadcrumb\",\"itemListElement\":[{\"@type\":\"ListItem\",\"position\":1,\"name\":\"Portada\",\"item\":\"https:\\\/\\\/cram.org\\\/ca\\\/\"},{\"@type\":\"ListItem\",\"position\":2,\"name\":\"Cat\u00e0leg d&#8217;esp\u00e8cies\",\"item\":\"https:\\\/\\\/cram.org\\\/ca\\\/cataleg-especies\\\/\"},{\"@type\":\"ListItem\",\"position\":3,\"name\":\"Aus Marines\",\"item\":\"https:\\\/\\\/cram.org\\\/ca\\\/cataleg-especies\\\/aus-marines\\\/\"},{\"@type\":\"ListItem\",\"position\":4,\"name\":\"Lim\u00edcoles, gavines i \u00e0lcids\",\"item\":\"https:\\\/\\\/cram.org\\\/ca\\\/cataleg-especies\\\/aus-marines\\\/limicoles-gavines-alcids\\\/\"},{\"@type\":\"ListItem\",\"position\":5,\"name\":\"Gavina Vulgar\"}]},{\"@type\":\"WebSite\",\"@id\":\"https:\\\/\\\/cram.org\\\/#website\",\"url\":\"https:\\\/\\\/cram.org\\\/\",\"name\":\"CRAM\",\"description\":\"Fundaci\u00f3 per a la Conservaci\u00f3 i Recuperaci\u00f3 d'Animals Marins\",\"publisher\":{\"@id\":\"https:\\\/\\\/cram.org\\\/#organization\"},\"potentialAction\":[{\"@type\":\"SearchAction\",\"target\":{\"@type\":\"EntryPoint\",\"urlTemplate\":\"https:\\\/\\\/cram.org\\\/?s={search_term_string}\"},\"query-input\":{\"@type\":\"PropertyValueSpecification\",\"valueRequired\":true,\"valueName\":\"search_term_string\"}}],\"inLanguage\":\"ca\"},{\"@type\":\"Organization\",\"@id\":\"https:\\\/\\\/cram.org\\\/#organization\",\"name\":\"FUNDACI\u00d3N CRAM\",\"url\":\"https:\\\/\\\/cram.org\\\/\",\"logo\":{\"@type\":\"ImageObject\",\"inLanguage\":\"ca\",\"@id\":\"https:\\\/\\\/cram.org\\\/#\\\/schema\\\/logo\\\/image\\\/\",\"url\":\"https:\\\/\\\/cram.org\\\/wp-content\\\/uploads\\\/2020\\\/11\\\/cram-logo-azul-inferior.png\",\"contentUrl\":\"https:\\\/\\\/cram.org\\\/wp-content\\\/uploads\\\/2020\\\/11\\\/cram-logo-azul-inferior.png\",\"width\":500,\"height\":500,\"caption\":\"FUNDACI\u00d3N CRAM\"},\"image\":{\"@id\":\"https:\\\/\\\/cram.org\\\/#\\\/schema\\\/logo\\\/image\\\/\"},\"sameAs\":[\"https:\\\/\\\/www.facebook.com\\\/fundacioncram\",\"https:\\\/\\\/x.com\\\/crampress\",\"https:\\\/\\\/www.youtube.com\\\/user\\\/FundacioCRAM\"]}]}<\/script>\n<!-- \/ Yoast SEO plugin. -->","yoast_head_json":{"title":"Gavina Vulgar (Chroicocephalus ridibundus) | CRAM","description":"Tot el que necessites con\u00e8ixer sobre la Gavina Vulgar (Chroicocephalus ridibundus) al cat\u00e0leg d'esp\u00e8cies de la Fundaci\u00f3 CRAM: h\u00e0bitat, biologia i amenaces.","robots":{"index":"index","follow":"follow","max-snippet":"max-snippet:-1","max-image-preview":"max-image-preview:large","max-video-preview":"max-video-preview:-1"},"canonical":"https:\/\/cram.org\/ca\/cataleg-especies\/aus-marines\/limicoles-gavines-alcids\/gavina-vulgar\/","og_locale":"ca_ES","og_type":"article","og_title":"Gavina Vulgar (Chroicocephalus ridibundus) | CRAM","og_description":"Tot el que necessites con\u00e8ixer sobre la Gavina Vulgar (Chroicocephalus ridibundus) al cat\u00e0leg d'esp\u00e8cies de la Fundaci\u00f3 CRAM: h\u00e0bitat, biologia i amenaces.","og_url":"https:\/\/cram.org\/ca\/cataleg-especies\/aus-marines\/limicoles-gavines-alcids\/gavina-vulgar\/","og_site_name":"CRAM","article_publisher":"https:\/\/www.facebook.com\/fundacioncram","article_modified_time":"2026-04-15T13:51:42+00:00","og_image":[{"width":420,"height":79,"url":"https:\/\/cram.org\/wp-content\/uploads\/2013\/12\/logo-CRAM.png","type":"image\/png"}],"twitter_card":"summary_large_image","twitter_site":"@crampress","twitter_misc":{"Temps estimat de lectura":"4 minuts"},"schema":{"@context":"https:\/\/schema.org","@graph":[{"@type":"WebPage","@id":"https:\/\/cram.org\/ca\/cataleg-especies\/aus-marines\/limicoles-gavines-alcids\/gavina-vulgar\/","url":"https:\/\/cram.org\/ca\/cataleg-especies\/aus-marines\/limicoles-gavines-alcids\/gavina-vulgar\/","name":"Gavina Vulgar (Chroicocephalus ridibundus) | CRAM","isPartOf":{"@id":"https:\/\/cram.org\/#website"},"datePublished":"2015-03-11T14:25:31+00:00","dateModified":"2026-04-15T13:51:42+00:00","description":"Tot el que necessites con\u00e8ixer sobre la Gavina Vulgar (Chroicocephalus ridibundus) al cat\u00e0leg d'esp\u00e8cies de la Fundaci\u00f3 CRAM: h\u00e0bitat, biologia i amenaces.","breadcrumb":{"@id":"https:\/\/cram.org\/ca\/cataleg-especies\/aus-marines\/limicoles-gavines-alcids\/gavina-vulgar\/#breadcrumb"},"inLanguage":"ca","potentialAction":[{"@type":"ReadAction","target":["https:\/\/cram.org\/ca\/cataleg-especies\/aus-marines\/limicoles-gavines-alcids\/gavina-vulgar\/"]}]},{"@type":"BreadcrumbList","@id":"https:\/\/cram.org\/ca\/cataleg-especies\/aus-marines\/limicoles-gavines-alcids\/gavina-vulgar\/#breadcrumb","itemListElement":[{"@type":"ListItem","position":1,"name":"Portada","item":"https:\/\/cram.org\/ca\/"},{"@type":"ListItem","position":2,"name":"Cat\u00e0leg d&#8217;esp\u00e8cies","item":"https:\/\/cram.org\/ca\/cataleg-especies\/"},{"@type":"ListItem","position":3,"name":"Aus Marines","item":"https:\/\/cram.org\/ca\/cataleg-especies\/aus-marines\/"},{"@type":"ListItem","position":4,"name":"Lim\u00edcoles, gavines i \u00e0lcids","item":"https:\/\/cram.org\/ca\/cataleg-especies\/aus-marines\/limicoles-gavines-alcids\/"},{"@type":"ListItem","position":5,"name":"Gavina Vulgar"}]},{"@type":"WebSite","@id":"https:\/\/cram.org\/#website","url":"https:\/\/cram.org\/","name":"CRAM","description":"Fundaci\u00f3 per a la Conservaci\u00f3 i Recuperaci\u00f3 d'Animals Marins","publisher":{"@id":"https:\/\/cram.org\/#organization"},"potentialAction":[{"@type":"SearchAction","target":{"@type":"EntryPoint","urlTemplate":"https:\/\/cram.org\/?s={search_term_string}"},"query-input":{"@type":"PropertyValueSpecification","valueRequired":true,"valueName":"search_term_string"}}],"inLanguage":"ca"},{"@type":"Organization","@id":"https:\/\/cram.org\/#organization","name":"FUNDACI\u00d3N CRAM","url":"https:\/\/cram.org\/","logo":{"@type":"ImageObject","inLanguage":"ca","@id":"https:\/\/cram.org\/#\/schema\/logo\/image\/","url":"https:\/\/cram.org\/wp-content\/uploads\/2020\/11\/cram-logo-azul-inferior.png","contentUrl":"https:\/\/cram.org\/wp-content\/uploads\/2020\/11\/cram-logo-azul-inferior.png","width":500,"height":500,"caption":"FUNDACI\u00d3N CRAM"},"image":{"@id":"https:\/\/cram.org\/#\/schema\/logo\/image\/"},"sameAs":["https:\/\/www.facebook.com\/fundacioncram","https:\/\/x.com\/crampress","https:\/\/www.youtube.com\/user\/FundacioCRAM"]}]}},"_links":{"self":[{"href":"https:\/\/cram.org\/ca\/wp-json\/wp\/v2\/pages\/12310","targetHints":{"allow":["GET"]}}],"collection":[{"href":"https:\/\/cram.org\/ca\/wp-json\/wp\/v2\/pages"}],"about":[{"href":"https:\/\/cram.org\/ca\/wp-json\/wp\/v2\/types\/page"}],"author":[{"embeddable":true,"href":"https:\/\/cram.org\/ca\/wp-json\/wp\/v2\/users\/1"}],"replies":[{"embeddable":true,"href":"https:\/\/cram.org\/ca\/wp-json\/wp\/v2\/comments?post=12310"}],"version-history":[{"count":0,"href":"https:\/\/cram.org\/ca\/wp-json\/wp\/v2\/pages\/12310\/revisions"}],"up":[{"embeddable":true,"href":"https:\/\/cram.org\/ca\/wp-json\/wp\/v2\/pages\/12307"}],"wp:attachment":[{"href":"https:\/\/cram.org\/ca\/wp-json\/wp\/v2\/media?parent=12310"}],"curies":[{"name":"wp","href":"https:\/\/api.w.org\/{rel}","templated":true}]}}