{"id":12396,"date":"2015-03-11T15:25:31","date_gmt":"2015-03-11T14:25:31","guid":{"rendered":"https:\/\/cram.org\/?page_id=12396"},"modified":"2026-04-15T21:00:52","modified_gmt":"2026-04-15T20:00:52","slug":"baldriga-cendrosa","status":"publish","type":"page","link":"https:\/\/cram.org\/ca\/cataleg-especies\/aus-marines\/baldrigues\/baldriga-cendrosa\/","title":{"rendered":"Baldriga Cendrosa"},"content":{"rendered":"<p><div class=\"fusion-fullwidth fullwidth-box fusion-builder-row-1 nonhundred-percent-fullwidth non-hundred-percent-height-scrolling\" style=\"--awb-border-radius-top-left:0px;--awb-border-radius-top-right:0px;--awb-border-radius-bottom-right:0px;--awb-border-radius-bottom-left:0px;--awb-margin-top:-55px;--awb-flex-wrap:wrap;\" ><div class=\"fusion-builder-row fusion-row\"><div class=\"fusion-layout-column fusion_builder_column fusion-builder-column-0 fusion_builder_column_1_1 1_1 fusion-one-full fusion-column-first fusion-column-last\" style=\"--awb-bg-size:cover;\"><div class=\"fusion-column-wrapper fusion-column-has-shadow fusion-flex-column-wrapper-legacy\"><div class=\"fusion-text fusion-text-1\"><h1 style=\"text-align: center; color: #0098c3;\"><strong>BALDRIGA CENDROSA<\/strong><\/h1>\n<\/div><div class=\"fusion-clearfix\"><\/div><\/div><\/div><\/div><\/div><div class=\"fusion-fullwidth fullwidth-box fusion-builder-row-2 has-pattern-background has-mask-background nonhundred-percent-fullwidth non-hundred-percent-height-scrolling\" style=\"--awb-border-radius-top-left:0px;--awb-border-radius-top-right:0px;--awb-border-radius-bottom-right:0px;--awb-border-radius-bottom-left:0px;--awb-flex-wrap:wrap;\" ><div class=\"fusion-builder-row fusion-row\"><div class=\"fusion-layout-column fusion_builder_column fusion-builder-column-1 fusion_builder_column_1_1 1_1 fusion-one-full fusion-column-first fusion-column-last\" style=\"--awb-bg-size:cover;\"><div class=\"fusion-column-wrapper fusion-column-has-shadow fusion-flex-column-wrapper-legacy\"><div class=\"fusion-sep-clear\"><\/div><div class=\"fusion-separator fusion-full-width-sep\" style=\"margin-left: auto;margin-right: auto;margin-top:250px;margin-bottom:250px;width:100%;\"><\/div><div class=\"fusion-sep-clear\"><\/div><div class=\"fusion-clearfix\"><\/div><\/div><\/div><\/div><\/div><div class=\"fusion-fullwidth fullwidth-box fusion-builder-row-3 nonhundred-percent-fullwidth non-hundred-percent-height-scrolling\" style=\"--awb-border-radius-top-left:0px;--awb-border-radius-top-right:0px;--awb-border-radius-bottom-right:0px;--awb-border-radius-bottom-left:0px;--awb-padding-top:30px;--awb-flex-wrap:wrap;\" ><div class=\"fusion-builder-row fusion-row\"><div class=\"fusion-layout-column fusion_builder_column fusion-builder-column-2 fusion_builder_column_1_2 1_2 fusion-one-half fusion-column-first fusion-animated\" style=\"--awb-bg-size:cover;width:50%;width:calc(50% - ( ( 4% ) * 0.5 ) );margin-right: 4%;\" data-animationType=\"slideInLeft\" data-animationDuration=\"0.3\" data-animationOffset=\"top-into-view\"><div class=\"fusion-column-wrapper fusion-column-has-shadow fusion-flex-column-wrapper-legacy\"><div class=\"fusion-text fusion-text-2\"><h2 style=\"color: #0098c3;\"><strong>TAXONOMIA<\/strong><\/h2>\n<\/div><div class=\"fusion-text fusion-text-3\"><ul style=\"color: #636363;\">\n<li><strong>Nom cient\u00edfic<\/strong>: Calonectris diomedea<\/li>\n<li><strong>Classe<\/strong>: Aus<\/li>\n<li><strong>Ordre<\/strong>: Procellariiformes<\/li>\n<li><strong>Fam\u00edlia<\/strong>: Procellariidae<\/li>\n<\/ul>\n<\/div><div class=\"fusion-text fusion-text-4\"><h3 style=\"color: #0098c3;\"><strong>Noms comuns<\/strong><\/h3>\n<\/div><div class=\"fusion-text fusion-text-5\"><p style=\"text-align: justify; color: #636363;\">Pardela cenicienta (castell\u00e0), baldriga cendrosa (catal\u00e0), pardela cincenta (gallec), gabai arrea (basc), Cory\u2019s shearwater (angl\u00e8s), puffin cendr\u00e9 (franc\u00e8s).<\/p>\n<\/div><div class=\"fusion-clearfix\"><\/div><\/div><\/div><div class=\"fusion-layout-column fusion_builder_column fusion-builder-column-3 fusion_builder_column_1_2 1_2 fusion-one-half fusion-column-last fusion-animated\" style=\"--awb-bg-size:cover;width:50%;width:calc(50% - ( ( 4% ) * 0.5 ) );\" data-animationType=\"slideInRight\" data-animationDuration=\"0.3\" data-animationOffset=\"top-into-view\"><div class=\"fusion-column-wrapper fusion-column-has-shadow fusion-flex-column-wrapper-legacy\"><div class=\"fusion-text fusion-text-6\"><h2 style=\"color: #0098c3;\"><strong>ESTAT DE CONSERVACI\u00d3<\/strong><\/h2>\n<\/div><div class=\"fusion-text fusion-text-7\"><ul style=\"color: #636363;\">\n<li><strong>Catalogada per la UICN<\/strong>: Preocupaci\u00f3 menor<\/li>\n<li><strong>Catalogada per el CITES<\/strong>: No listada<\/li>\n<li><strong>Cat\u00e0leg espanyol d\u2019esp\u00e8cies amena\u00e7ades<\/strong>: D\u2019inter\u00e8s especial<\/li>\n<li><strong>Llibre vermell de les aus a Espanya\u00a0<em>Calonectris diomedea diomedea<\/em><\/strong>:\u00a0En perill<\/li>\n<li><strong>Llibre vermell de les aus a Espanya\u00a0<em>Calonectris diomedea borealis<\/em><\/strong>:\u00a0Vulnerable<\/li>\n<\/ul>\n<\/div><div class=\"fusion-clearfix\"><\/div><\/div><\/div><\/div><\/div><div class=\"fusion-fullwidth fullwidth-box fusion-builder-row-4 nonhundred-percent-fullwidth non-hundred-percent-height-scrolling\" style=\"--awb-border-radius-top-left:0px;--awb-border-radius-top-right:0px;--awb-border-radius-bottom-right:0px;--awb-border-radius-bottom-left:0px;--awb-padding-top:20px;--awb-background-color:#0098c3;--awb-flex-wrap:wrap;\" ><div class=\"fusion-builder-row fusion-row\"><div class=\"fusion-layout-column fusion_builder_column fusion-builder-column-4 fusion_builder_column_1_1 1_1 fusion-one-full fusion-column-first fusion-column-last fusion-animated\" style=\"--awb-bg-size:cover;\" data-animationType=\"slideInLeft\" data-animationDuration=\"0.3\" data-animationOffset=\"top-into-view\"><div class=\"fusion-column-wrapper fusion-column-has-shadow fusion-flex-column-wrapper-legacy\"><div class=\"fusion-text fusion-text-8\"><h2 style=\"text-align: center; color: #ffffff;\"><strong>DISTRIBUCI\u00d3 I H\u00c0BITAT<\/strong><\/h2>\n<\/div><div class=\"fusion-clearfix\"><\/div><\/div><\/div><div class=\"fusion-layout-column fusion_builder_column fusion-builder-column-5 fusion_builder_column_1_1 1_1 fusion-one-full fusion-column-first fusion-column-last fusion-animated\" style=\"--awb-bg-size:cover;\" data-animationType=\"slideInRight\" data-animationDuration=\"0.3\" data-animationOffset=\"top-into-view\"><div class=\"fusion-column-wrapper fusion-column-has-shadow fusion-flex-column-wrapper-legacy\"><div class=\"fusion-text fusion-text-9\"><p style=\"text-align: justify; color: #ffffff;\">La\u00a0<strong>baldriga cendrosa<\/strong>\u00a0\u00e9s una esp\u00e8cie pel\u00e0gica que viu a mar obert, per\u00f2 a vegades es troba en badies \u00e0mplies o a prop de les costes, en caps i illes. Nidifica en col\u00f2nies i ocupa zones rocoses, abruptes, d\u2019illes i promontoris.<\/p>\n<p style=\"text-align: justify; color: #ffffff;\">Es troba present als oceans Atl\u00e0ntic i Pac\u00edfic, aix\u00ed com al mar Mediterrani, principalment a l\u2019estiu. \u00c9s abundant al sud d\u2019Europa i al nord-est d\u2019\u00c0frica. Fora de l\u2019estaci\u00f3 de cria es pot trobar a l\u2019oest d\u2019Irlanda, nord de Fran\u00e7a i sud-oest d\u2019Anglaterra, aix\u00ed com a l\u2019estret de Gibraltar, per on passa part de la poblaci\u00f3 en les seves migracions.<\/p>\n<p style=\"text-align: justify; color: #ffffff;\">N\u2019hi ha dues subesp\u00e8cies:\u00a0<em>diomedea<\/em>\u00a0i\u00a0<em>borealis<\/em>. La primera, una mica m\u00e9s petita i clara, cria a les illes Balears, a les Chafarinas i a les illes dels Columbrets, i en alguns illots de M\u00farcia i Almeria. La subesp\u00e8cie\u00a0<em>borealis<\/em>\u00a0es reprodueix a les illes Can\u00e0ries, a les A\u00e7ores i a Madeira.<\/p>\n<\/div><div class=\"fusion-clearfix\"><\/div><\/div><\/div><\/div><\/div><div class=\"fusion-fullwidth fullwidth-box fusion-builder-row-5 nonhundred-percent-fullwidth non-hundred-percent-height-scrolling\" style=\"--awb-border-radius-top-left:0px;--awb-border-radius-top-right:0px;--awb-border-radius-bottom-right:0px;--awb-border-radius-bottom-left:0px;--awb-background-color:#3dbab3;--awb-flex-wrap:wrap;\" ><div class=\"fusion-builder-row fusion-row\"><div class=\"fusion-layout-column fusion_builder_column fusion-builder-column-6 fusion_builder_column_1_1 1_1 fusion-one-full fusion-column-first fusion-column-last\" style=\"--awb-bg-size:cover;\"><div class=\"fusion-column-wrapper fusion-column-has-shadow fusion-flex-column-wrapper-legacy\"><div class=\"fusion-section-separator section-separator slant fusion-section-separator-1\" style=\"--awb-spacer-height:99px;--awb-svg-margin-left:0;--awb-svg-margin-right:0;--awb-divider-height:99px;--awb-spacer-padding-top:inherit;--awb-sep-padding:0;--awb-svg-padding:0;\"><div class=\"fusion-section-separator-svg\"><svg class=\"fusion-slant-candy\" xmlns=\"http:\/\/www.w3.org\/2000\/svg\" version=\"1.1\" width=\"100%\" height=\"100\" viewBox=\"0 0 100 100\" preserveAspectRatio=\"none\" fill=\"rgba(0,152,195,1)\"><path d=\"M100 0 L100 100 L0 0 Z\"><\/path><\/svg><\/div><div class=\"fusion-section-separator-spacer\"><div class=\"fusion-section-separator-spacer-height\"><\/div><\/div><\/div><div class=\"fusion-clearfix\"><\/div><\/div><\/div><\/div><\/div><div class=\"fusion-fullwidth fullwidth-box fusion-builder-row-6 nonhundred-percent-fullwidth non-hundred-percent-height-scrolling\" style=\"--awb-border-radius-top-left:0px;--awb-border-radius-top-right:0px;--awb-border-radius-bottom-right:0px;--awb-border-radius-bottom-left:0px;--awb-background-color:#3dbab3;--awb-flex-wrap:wrap;\" ><div class=\"fusion-builder-row fusion-row\"><div class=\"fusion-layout-column fusion_builder_column fusion-builder-column-7 fusion_builder_column_1_1 1_1 fusion-one-full fusion-column-first fusion-column-last fusion-animated\" style=\"--awb-bg-size:cover;\" data-animationType=\"slideInDown\" data-animationDuration=\"0.3\" data-animationOffset=\"top-into-view\"><div class=\"fusion-column-wrapper fusion-column-has-shadow fusion-flex-column-wrapper-legacy\"><div class=\"fusion-text fusion-text-10\"><h2 style=\"text-align: center; color: #ffffff;\"><strong>BIOLOGIA<\/strong><\/h2>\n<\/div><div class=\"fusion-clearfix\"><\/div><\/div><\/div><div class=\"fusion-layout-column fusion_builder_column fusion-builder-column-8 fusion_builder_column_1_2 1_2 fusion-one-half fusion-column-first fusion-animated\" style=\"--awb-bg-size:cover;width:50%;width:calc(50% - ( ( 4% ) * 0.5 ) );margin-right: 4%;\" data-animationType=\"slideInLeft\" data-animationDuration=\"0.3\" data-animationOffset=\"top-into-view\"><div class=\"fusion-column-wrapper fusion-column-has-shadow fusion-flex-column-wrapper-legacy\"><div class=\"fusion-text fusion-text-11\"><h3 style=\"text-align: justify; color: #ffffff;\"><strong>Descripci\u00f3<\/strong><\/h3>\n<p style=\"text-align: justify; color: #ffffff;\">Aquesta esp\u00e8cie de baldriga \u00e9s la m\u00e9s gran de les que hi ha a Europa. Fa uns 50 cm de longitud i presenta una envergadura alar de 100-125 cm. El seu cap \u00e9s robust i arrodonit de color grisenc, amb un bec gros, groc p\u00e0l\u00b7lid, per\u00f2 amb la punta fosca.<\/p>\n<p style=\"text-align: justify; color: #ffffff;\">La baldriga cendrosa presenta una coloraci\u00f3 apagada, grisa o bruna al dors i blanca a les parts inferiors del cos, excepte a les vores externes de les ales, que s\u00f3n fosques. Les ales s\u00f3n llargues i flexibles, lleugerament arquejades i les potes s\u00f3n d\u2019un color rosa p\u00e0l\u00b7lid.<\/p>\n<p style=\"text-align: justify; color: #ffffff;\">No hi ha difer\u00e8ncies apreciables entre sexes, encara que les femelles solen ser m\u00e9s lleugeres i solen tenir el bec m\u00e9s estret. Tampoc hi ha difer\u00e8ncies destacables entre els exemplars joves i els adults.<\/p>\n<\/div><div class=\"fusion-text fusion-text-12\"><h3 style=\"text-align: justify; color: #ffffff;\"><strong>Reproducci\u00f3<\/strong><\/h3>\n<p style=\"text-align: justify; color: #ffffff;\">La\u00a0<strong>baldriga cendrosa<\/strong>\u00a0cria en col\u00f2nies que es comencen a formar a partir del mes de mar\u00e7 en illots i penya-segats costaners. Disposa el niu dins de coves o t\u00fanels naturals, o b\u00e9 pot excavar ella mateixa un petit forat.<\/p>\n<p style=\"text-align: justify; color: #ffffff;\">La posta \u00e9s d\u2019un sol ou, de color blanc, que incuben ambd\u00f3s progenitors durant uns 55 dies. Durant els primers dies de vida, el poll \u00e9s at\u00e8s pel pare i la mare. M\u00e9s endavant, nom\u00e9s l\u2019alimentaran de nit, quan tornin a la col\u00f2nia.<\/p>\n<p style=\"text-align: justify; color: #ffffff;\">Quan els joves gaireb\u00e9 han arribat al final del seu desenvolupament, cap als 90 dies de vida, els pares els abandonen i han d\u2019aprendre a pescar per si sols. Aquests exemplars joves arribaran a l\u2019edat reproductora als 4 o 6 anys d\u2019edat.<\/p>\n<\/div><div class=\"fusion-clearfix\"><\/div><\/div><\/div><div class=\"fusion-layout-column fusion_builder_column fusion-builder-column-9 fusion_builder_column_1_2 1_2 fusion-one-half fusion-column-last fusion-animated\" style=\"--awb-bg-size:cover;width:50%;width:calc(50% - ( ( 4% ) * 0.5 ) );\" data-animationType=\"slideInRight\" data-animationDuration=\"0.3\" data-animationOffset=\"top-into-view\"><div class=\"fusion-column-wrapper fusion-column-has-shadow fusion-flex-column-wrapper-legacy\"><div class=\"fusion-text fusion-text-13\"><h3 style=\"text-align: justify; color: #ffffff;\"><strong>Alimentaci\u00f3<\/strong><\/h3>\n<p style=\"text-align: justify; color: #ffffff;\">S\u2019alimenta de peixos petits, com sardines i seitons. Tamb\u00e9 consumeix crustacis, cefal\u00f2podes, ous de peixos i despulles marines. Acostuma a seguir vaixells de pesca per aprofitar el rebuig que deixen. Prefereix alimentar-se de nit i ho fan introduint el bec per sota de la superf\u00edcie de l\u2019aigua, encara que a vegades fa immersions de fins a 5 metres de profunditat.<\/p>\n<\/div><div class=\"fusion-text fusion-text-14\"><h3 style=\"text-align: justify; color: #ffffff;\"><strong>Comportament<\/strong><\/h3>\n<p style=\"text-align: justify; color: #ffffff;\">Aquesta au marina, altament pel\u00e0gica, nom\u00e9s es dirigeix a la costa per reproduir-se. \u00c9s una esp\u00e8cie greg\u00e0ria que forma grans estols. A alta mar \u00e9s un ocell silenci\u00f3s, per\u00f2 a les col\u00f2nies de cria i durant la nit, \u00e9s bastant soroll\u00f3s. En per\u00edode de cria acostumen a concentrar-se en gran nombre al capvespre, posades a l\u2019aigua davant de les col\u00f2nies, formant unes agrupacions conegudes com \u201cbasses\u201d de baldrigues.<\/p>\n<p style=\"text-align: justify; color: #ffffff;\">Despr\u00e9s de l\u2019\u00e8poca de cria, al mes d\u2019octubre, els individus de la subesp\u00e8cie\u00a0<em>borealis<\/em>\u00a0migren cap a les costes de l\u2019Atl\u00e0ntic oest, al litoral sud-americ\u00e0. La subesp\u00e8cie\u00a0<em>diomedea<\/em>\u00a0abandona les col\u00f2nies i a trav\u00e9s de l\u2019estret de Gibraltar es despla\u00e7a cap a les costes atl\u00e0ntiques del continent afric\u00e0.<\/p>\n<p style=\"text-align: justify; color: #ffffff;\">Normalment, vola a poca altura, sorprenentment r\u00e0pid. Intercala llargues seq\u00fc\u00e8ncies de planatge amb seq\u00fc\u00e8ncies curtes d\u2019aleteig per remuntar. Ajudada per vents suaus, vola molt b\u00e9.<\/p>\n<\/div><div class=\"fusion-clearfix\"><\/div><\/div><\/div><\/div><\/div><div class=\"fusion-fullwidth fullwidth-box fusion-builder-row-7 nonhundred-percent-fullwidth non-hundred-percent-height-scrolling\" style=\"--awb-border-radius-top-left:0px;--awb-border-radius-top-right:0px;--awb-border-radius-bottom-right:0px;--awb-border-radius-bottom-left:0px;--awb-background-color:#ff9b2f;--awb-flex-wrap:wrap;\" ><div class=\"fusion-builder-row fusion-row\"><div class=\"fusion-layout-column fusion_builder_column fusion-builder-column-10 fusion_builder_column_1_1 1_1 fusion-one-full fusion-column-first fusion-column-last\" style=\"--awb-bg-size:cover;\"><div class=\"fusion-column-wrapper fusion-column-has-shadow fusion-flex-column-wrapper-legacy\"><div class=\"fusion-section-separator section-separator slant fusion-section-separator-2\" style=\"--awb-spacer-height:99px;--awb-svg-margin-left:0;--awb-svg-margin-right:0;--awb-divider-height:99px;--awb-spacer-padding-top:inherit;--awb-sep-padding:0;--awb-svg-padding:0;\"><div class=\"fusion-section-separator-svg\"><svg class=\"fusion-slant-candy\" xmlns=\"http:\/\/www.w3.org\/2000\/svg\" version=\"1.1\" width=\"100%\" height=\"100\" viewBox=\"0 0 100 100\" preserveAspectRatio=\"none\" fill=\"rgba(61,186,179,1)\"><path d=\"M0 100 L0 0 L100 0 Z\"><\/path><\/svg><\/div><div class=\"fusion-section-separator-spacer\"><div class=\"fusion-section-separator-spacer-height\"><\/div><\/div><\/div><div class=\"fusion-clearfix\"><\/div><\/div><\/div><\/div><\/div><div class=\"fusion-fullwidth fullwidth-box fusion-builder-row-8 nonhundred-percent-fullwidth non-hundred-percent-height-scrolling\" style=\"--awb-border-radius-top-left:0px;--awb-border-radius-top-right:0px;--awb-border-radius-bottom-right:0px;--awb-border-radius-bottom-left:0px;--awb-background-color:#ff9b2f;--awb-flex-wrap:wrap;\" ><div class=\"fusion-builder-row fusion-row\"><div class=\"fusion-layout-column fusion_builder_column fusion-builder-column-11 fusion_builder_column_1_1 1_1 fusion-one-full fusion-column-first fusion-column-last fusion-animated\" style=\"--awb-bg-size:cover;\" data-animationType=\"slideInLeft\" data-animationDuration=\"0.3\" data-animationOffset=\"top-into-view\"><div class=\"fusion-column-wrapper fusion-column-has-shadow fusion-flex-column-wrapper-legacy\"><div class=\"fusion-text fusion-text-15\"><h2 style=\"text-align: center; color: #ffffff;\"><strong>AMENACES<\/strong><\/h2>\n<\/div><div class=\"fusion-clearfix\"><\/div><\/div><\/div><div class=\"fusion-layout-column fusion_builder_column fusion-builder-column-12 fusion_builder_column_1_1 1_1 fusion-one-full fusion-column-first fusion-column-last fusion-animated\" style=\"--awb-bg-size:cover;\" data-animationType=\"slideInRight\" data-animationDuration=\"0.3\" data-animationOffset=\"top-into-view\"><div class=\"fusion-column-wrapper fusion-column-has-shadow fusion-flex-column-wrapper-legacy\"><div class=\"fusion-text fusion-text-16\"><p style=\"text-align: justify; color: #ffffff;\">La poblaci\u00f3 europea s\u2019estima en 140.000-210.000 parelles reproductores, de les quals unes 90.000-150.000 pertanyen a la subesp\u00e8cies borealis i al voltant de 60.000 a la subesp\u00e8cies\u00a0<i>diomedea<\/i>.<\/p>\n<p style=\"text-align: justify; color: #ffffff;\">La protecci\u00f3 d\u2019algunes col\u00f2nies i les mesures de protecci\u00f3 posades en marxa les dues \u00faltimes d\u00e8cades han perm\u00e8s lleugeres recuperacions locals. Malgrat tot, en general, ambdues subesp\u00e8cies pateixen una tend\u00e8ncia regressiva.<\/p>\n<p style=\"text-align: justify; color: #ffffff;\">Una de les principals causes de mort no natural est\u00e0 associada a la pesca de palangre, que ocasiona un alt nombre de morts accidentals i afecta una part important dels adults. Aix\u00f2 resulta especialment greu en aus marines longeves i amb baix nombre de polls per parella i any.<\/p>\n<p style=\"text-align: justify; color: #ffffff;\">Per\u00f2 hi ha altres amenaces per a les poblacions de baldrigues. Els depredadors, com rates i gats assilvestrats, que han estat introdu\u00efts a les illes i illots, les han fet desapar\u00e8ixer de molts llocs, especialment d\u2019aquelles zones m\u00e9s accessibles per a aquests depredadors.<\/p>\n<p style=\"text-align: justify; color: #ffffff;\">La intensificaci\u00f3 dels usos tur\u00edstics del litoral tamb\u00e9 repercuteix sobre l\u2019\u00e8xit reproductor de l\u2019esp\u00e8cie.<\/p>\n<p style=\"text-align: justify; color: #ffffff;\">Fins fa poc temps, les baldrigues eren capturades per al consum hum\u00e0, encara que actualment aquesta tradici\u00f3 s\u2019ha minimitzat i pr\u00e0cticament est\u00e0 eradicada. La possibilitat sempre existent de vessaments d\u2019hidrocarburs constitueix, tamb\u00e9, una amena\u00e7a constant per a totes les aus marines.<\/p>\n<p style=\"text-align: justify; color: #ffffff;\">Per revertir la tend\u00e8ncia regressiva de la poblaci\u00f3 de baldrigues, resulten necess\u00e0ries accions de conservaci\u00f3. La majoria de zones de cria han estat protegides legalment, s\u2019han portat a terme campanyes d\u2019eradicaci\u00f3 de depredadors i s\u2019han fet projectes de restauraci\u00f3 de l\u2019h\u00e0bitat. Tamb\u00e9 s\u2019han aplicat mesures correctores en pesqueries de palangre.<\/p>\n<\/div><div class=\"fusion-clearfix\"><\/div><\/div><\/div><\/div><\/div><div class=\"fusion-fullwidth fullwidth-box fusion-builder-row-9 nonhundred-percent-fullwidth non-hundred-percent-height-scrolling\" style=\"--awb-border-radius-top-left:0px;--awb-border-radius-top-right:0px;--awb-border-radius-bottom-right:0px;--awb-border-radius-bottom-left:0px;--awb-padding-top:30px;--awb-padding-bottom:-150px;--awb-flex-wrap:wrap;\" ><div class=\"fusion-builder-row fusion-row\"><div class=\"fusion-layout-column fusion_builder_column fusion-builder-column-13 fusion_builder_column_1_1 1_1 fusion-one-full fusion-column-first fusion-column-last fusion-animated\" style=\"--awb-bg-size:cover;\" data-animationType=\"slideInLeft\" data-animationDuration=\"0.3\" data-animationOffset=\"top-into-view\"><div class=\"fusion-column-wrapper fusion-column-has-shadow fusion-flex-column-wrapper-legacy\"><div class=\"fusion-text fusion-text-17\"><h2 style=\"color: #636363; text-align: center;\"><strong>IMATGES<\/strong><\/h2>\n<\/div><div class=\"awb-gallery-wrapper awb-gallery-wrapper-1 button-span-no\" style=\"--more-btn-alignment:center;\"><div style=\"margin:-5px;--awb-bordersize:0px;\" class=\"fusion-gallery fusion-gallery-container fusion-grid-3 fusion-columns-total-1 fusion-gallery-layout-grid fusion-gallery-1\"><div style=\"padding:5px;\" class=\"fusion-grid-column fusion-gallery-column fusion-gallery-column-3 hover-type-none\"><div class=\"fusion-gallery-image\"><a rel=\"noreferrer\" data-rel=\"iLightbox[gallery_image_1]\" class=\"fusion-lightbox\" target=\"_self\"><img decoding=\"async\" src=\"\" width=\"\" height=\"\" alt=\"\" title=\"\" aria-label=\"\" class=\"img-responsive wp-image-0\"  \/><\/a><\/div><\/div><\/div><\/div><div class=\"fusion-clearfix\"><\/div><\/div><\/div><\/div><\/div><div class=\"fusion-fullwidth fullwidth-box fusion-builder-row-10 hundred-percent-fullwidth non-hundred-percent-height-scrolling\" style=\"--awb-border-radius-top-left:0px;--awb-border-radius-top-right:0px;--awb-border-radius-bottom-right:0px;--awb-border-radius-bottom-left:0px;--awb-flex-wrap:wrap;\" ><div class=\"fusion-builder-row fusion-row\"><div class=\"fusion-layout-column fusion_builder_column fusion-builder-column-14 fusion_builder_column_1_1 1_1 fusion-one-full fusion-column-first fusion-column-last\" style=\"--awb-bg-size:cover;--awb-margin-bottom:-30px;\"><div class=\"fusion-column-wrapper fusion-column-has-shadow fusion-flex-column-wrapper-legacy\"><div class=\"fusion-text fusion-text-18\"><h1 style=\"text-align: center; color: #0098c3;\"><strong>SEGUEIX DESCOBRINT EL NOSTRE CAT\u00c0LEG<\/strong><\/h1>\n<\/div><div class=\"fusion-clearfix\"><\/div><\/div><\/div><div class=\"fusion-layout-column fusion_builder_column fusion-builder-column-15 fusion_builder_column_1_1 1_1 fusion-one-full fusion-column-first fusion-column-last fusion-animated\" style=\"--awb-bg-size:cover;\" data-animationType=\"slideInRight\" data-animationDuration=\"0.3\" data-animationOffset=\"top-into-view\"><div class=\"fusion-column-wrapper fusion-column-has-shadow fusion-flex-column-wrapper-legacy\"><div class=\"fusion-content-boxes content-boxes columns row fusion-columns-5 fusion-columns-total-5 fusion-content-boxes-1 content-boxes-clean-vertical content-left content-boxes-icon-on-top\" style=\"--awb-body-color:#636363;--awb-title-color:#636363;--awb-hover-accent-color:#9ed2db;--awb-circle-hover-accent-color:#9ed2db;\" data-animationOffset=\"top-into-view\"><div style=\"--awb-backgroundcolor:rgba(255,255,255,0);border-color:rgba(255,255,255,0);\" class=\"fusion-column content-box-column content-box-column-1 col-lg-2 col-md-2 col-sm-2 fusion-content-box-hover content-box-column-first-in-row\"><div class=\"col content-box-wrapper content-wrapper link-area-link-icon link-type-text icon-hover-animation-fade\" data-animationOffset=\"top-into-view\"><div class=\"heading icon-left\"><a class=\"heading-link\" href=\"https:\/\/cram.org\/ca\/cataleg-especies\/aus-marines\/\" target=\"_self\"><h2 class=\"content-box-heading\" style=\"--h2_typography-font-size:18px;line-height:23px;\">AUS MARINES<\/h2><\/a><\/div><div class=\"fusion-clearfix\"><\/div><a class=\" fusion-read-more\" href=\"https:\/\/cram.org\/ca\/cataleg-especies\/aus-marines\/\" target=\"_self\">M\u00e9s info<\/a><div class=\"fusion-clearfix\"><\/div><\/div><\/div><div style=\"--awb-backgroundcolor:rgba(255,255,255,0);border-color:rgba(255,255,255,0);\" class=\"fusion-column content-box-column content-box-column-2 col-lg-2 col-md-2 col-sm-2 fusion-content-box-hover \"><div class=\"col content-box-wrapper content-wrapper link-area-link-icon link-type-text icon-hover-animation-fade\" data-animationOffset=\"top-into-view\"><div class=\"heading icon-left\"><a class=\"heading-link\" href=\"https:\/\/cram.org\/ca\/cataleg-especies\/mamifers-marins\/\" target=\"_self\"><h2 class=\"content-box-heading\" style=\"--h2_typography-font-size:18px;line-height:23px;\">MAM\u00cdFERS MARINS<\/h2><\/a><\/div><div class=\"fusion-clearfix\"><\/div><a class=\" fusion-read-more\" href=\"https:\/\/cram.org\/ca\/cataleg-especies\/mamifers-marins\/\" target=\"_self\">M\u00e9s info<\/a><div class=\"fusion-clearfix\"><\/div><\/div><\/div><div style=\"--awb-backgroundcolor:rgba(255,255,255,0);border-color:rgba(255,255,255,0);\" class=\"fusion-column content-box-column content-box-column-3 col-lg-2 col-md-2 col-sm-2 fusion-content-box-hover \"><div class=\"col content-box-wrapper content-wrapper link-area-link-icon link-type-text icon-hover-animation-fade\" data-animationOffset=\"top-into-view\"><div class=\"heading icon-left\"><a class=\"heading-link\" href=\"https:\/\/cram.org\/ca\/cataleg-especies\/reptils-marins\/\" target=\"_self\"><h2 class=\"content-box-heading\" style=\"--h2_typography-font-size:18px;line-height:23px;\">R\u00c8PTILS MARINS<\/h2><\/a><\/div><div class=\"fusion-clearfix\"><\/div><a class=\" fusion-read-more\" href=\"https:\/\/cram.org\/ca\/cataleg-especies\/reptils-marins\/\" target=\"_self\">M\u00e9s info<\/a><div class=\"fusion-clearfix\"><\/div><\/div><\/div><div style=\"--awb-backgroundcolor:rgba(255,255,255,0);border-color:rgba(255,255,255,0);\" class=\"fusion-column content-box-column content-box-column-4 col-lg-2 col-md-2 col-sm-2 fusion-content-box-hover \"><div class=\"col content-box-wrapper content-wrapper link-area-link-icon link-type-text icon-hover-animation-fade\" data-animationOffset=\"top-into-view\"><div class=\"heading icon-left\"><a class=\"heading-link\" href=\"https:\/\/cram.org\/ca\/cataleg-especies\/fons-marins\/\" target=\"_self\"><h2 class=\"content-box-heading\" style=\"--h2_typography-font-size:18px;line-height:23px;\">FONS MARINS<\/h2><\/a><\/div><div class=\"fusion-clearfix\"><\/div><a class=\" fusion-read-more\" href=\"https:\/\/cram.org\/ca\/cataleg-especies\/fons-marins\/\" target=\"_self\">M\u00e9s info<\/a><div class=\"fusion-clearfix\"><\/div><\/div><\/div><div style=\"--awb-backgroundcolor:rgba(255,255,255,0);border-color:rgba(255,255,255,0);\" class=\"fusion-column content-box-column content-box-column-5 col-lg-2 col-md-2 col-sm-2 fusion-content-box-hover content-box-column-last content-box-column-last-in-row\"><div class=\"col content-box-wrapper content-wrapper link-area-link-icon link-type-text icon-hover-animation-fade\" data-animationOffset=\"top-into-view\"><div class=\"heading icon-left\"><a class=\"heading-link\" href=\"https:\/\/cram.org\/ca\/cataleg-especies\/peixos\/\" target=\"_self\"><h2 class=\"content-box-heading\" style=\"--h2_typography-font-size:18px;line-height:23px;\">PEIXOS<\/h2><\/a><\/div><div class=\"fusion-clearfix\"><\/div><a class=\" fusion-read-more\" href=\"https:\/\/cram.org\/ca\/cataleg-especies\/peixos\/\" target=\"_self\">M\u00e9s info<\/a><div class=\"fusion-clearfix\"><\/div><\/div><\/div><div class=\"fusion-clearfix\"><\/div><\/div><div class=\"fusion-clearfix\"><\/div><\/div><\/div><\/div><\/div><\/p>\n","protected":false},"excerpt":{"rendered":"","protected":false},"author":1,"featured_media":0,"parent":12384,"menu_order":0,"comment_status":"closed","ping_status":"open","template":"100-width.php","meta":{"footnotes":"","_members_access_role":[],"_members_access_error":""},"class_list":["post-12396","page","type-page","status-publish","hentry"],"yoast_head":"<!-- This site is optimized with the Yoast SEO plugin v28.4 - https:\/\/yoast.com\/product\/yoast-seo-wordpress\/ -->\n<title>Baldriga Cendrosa (Calonectris diomedea)<\/title>\n<meta name=\"description\" content=\"Tot el que necessites con\u00e8ixer sobre la Baldriga Cendrosa (Calonectris diomedea) al cat\u00e0leg d&#039;esp\u00e8cies de la Fundaci\u00f3 CRAM: h\u00e0bitat, biologia i amenaces.\" \/>\n<meta name=\"robots\" content=\"index, follow, max-snippet:-1, max-image-preview:large, max-video-preview:-1\" \/>\n<link rel=\"canonical\" href=\"https:\/\/cram.org\/ca\/cataleg-especies\/aus-marines\/baldrigues\/baldriga-cendrosa\/\" \/>\n<meta property=\"og:locale\" content=\"ca_ES\" \/>\n<meta property=\"og:type\" content=\"article\" \/>\n<meta property=\"og:title\" content=\"Baldriga Cendrosa (Calonectris diomedea)\" \/>\n<meta property=\"og:description\" content=\"Tot el que necessites con\u00e8ixer sobre la Baldriga Cendrosa (Calonectris diomedea) al cat\u00e0leg d&#039;esp\u00e8cies de la Fundaci\u00f3 CRAM: h\u00e0bitat, biologia i amenaces.\" \/>\n<meta property=\"og:url\" content=\"https:\/\/cram.org\/ca\/cataleg-especies\/aus-marines\/baldrigues\/baldriga-cendrosa\/\" \/>\n<meta property=\"og:site_name\" content=\"CRAM\" \/>\n<meta property=\"article:publisher\" content=\"https:\/\/www.facebook.com\/fundacioncram\" \/>\n<meta property=\"article:modified_time\" content=\"2026-04-15T20:00:52+00:00\" \/>\n<meta property=\"og:image\" content=\"https:\/\/cram.org\/wp-content\/uploads\/2013\/12\/logo-CRAM.png\" \/>\n\t<meta property=\"og:image:width\" content=\"420\" \/>\n\t<meta property=\"og:image:height\" content=\"79\" \/>\n\t<meta property=\"og:image:type\" content=\"image\/png\" \/>\n<meta name=\"twitter:card\" content=\"summary_large_image\" \/>\n<meta name=\"twitter:site\" content=\"@crampress\" \/>\n<meta name=\"twitter:label1\" content=\"Temps estimat de lectura\" \/>\n\t<meta name=\"twitter:data1\" content=\"5 minuts\" \/>\n<script type=\"application\/ld+json\" class=\"yoast-schema-graph\">{\"@context\":\"https:\\\/\\\/schema.org\",\"@graph\":[{\"@type\":\"WebPage\",\"@id\":\"https:\\\/\\\/cram.org\\\/ca\\\/cataleg-especies\\\/aus-marines\\\/baldrigues\\\/baldriga-cendrosa\\\/\",\"url\":\"https:\\\/\\\/cram.org\\\/ca\\\/cataleg-especies\\\/aus-marines\\\/baldrigues\\\/baldriga-cendrosa\\\/\",\"name\":\"Baldriga Cendrosa (Calonectris diomedea)\",\"isPartOf\":{\"@id\":\"https:\\\/\\\/cram.org\\\/#website\"},\"datePublished\":\"2015-03-11T14:25:31+00:00\",\"dateModified\":\"2026-04-15T20:00:52+00:00\",\"description\":\"Tot el que necessites con\u00e8ixer sobre la Baldriga Cendrosa (Calonectris diomedea) al cat\u00e0leg d'esp\u00e8cies de la Fundaci\u00f3 CRAM: h\u00e0bitat, biologia i amenaces.\",\"breadcrumb\":{\"@id\":\"https:\\\/\\\/cram.org\\\/ca\\\/cataleg-especies\\\/aus-marines\\\/baldrigues\\\/baldriga-cendrosa\\\/#breadcrumb\"},\"inLanguage\":\"ca\",\"potentialAction\":[{\"@type\":\"ReadAction\",\"target\":[\"https:\\\/\\\/cram.org\\\/ca\\\/cataleg-especies\\\/aus-marines\\\/baldrigues\\\/baldriga-cendrosa\\\/\"]}]},{\"@type\":\"BreadcrumbList\",\"@id\":\"https:\\\/\\\/cram.org\\\/ca\\\/cataleg-especies\\\/aus-marines\\\/baldrigues\\\/baldriga-cendrosa\\\/#breadcrumb\",\"itemListElement\":[{\"@type\":\"ListItem\",\"position\":1,\"name\":\"Portada\",\"item\":\"https:\\\/\\\/cram.org\\\/ca\\\/\"},{\"@type\":\"ListItem\",\"position\":2,\"name\":\"Cat\u00e0leg d&#8217;esp\u00e8cies\",\"item\":\"https:\\\/\\\/cram.org\\\/ca\\\/cataleg-especies\\\/\"},{\"@type\":\"ListItem\",\"position\":3,\"name\":\"Aus Marines\",\"item\":\"https:\\\/\\\/cram.org\\\/ca\\\/cataleg-especies\\\/aus-marines\\\/\"},{\"@type\":\"ListItem\",\"position\":4,\"name\":\"Baldrigues\",\"item\":\"https:\\\/\\\/cram.org\\\/ca\\\/cataleg-especies\\\/aus-marines\\\/baldrigues\\\/\"},{\"@type\":\"ListItem\",\"position\":5,\"name\":\"Baldriga Cendrosa\"}]},{\"@type\":\"WebSite\",\"@id\":\"https:\\\/\\\/cram.org\\\/#website\",\"url\":\"https:\\\/\\\/cram.org\\\/\",\"name\":\"CRAM\",\"description\":\"Fundaci\u00f3 per a la Conservaci\u00f3 i Recuperaci\u00f3 d'Animals Marins\",\"publisher\":{\"@id\":\"https:\\\/\\\/cram.org\\\/#organization\"},\"potentialAction\":[{\"@type\":\"SearchAction\",\"target\":{\"@type\":\"EntryPoint\",\"urlTemplate\":\"https:\\\/\\\/cram.org\\\/?s={search_term_string}\"},\"query-input\":{\"@type\":\"PropertyValueSpecification\",\"valueRequired\":true,\"valueName\":\"search_term_string\"}}],\"inLanguage\":\"ca\"},{\"@type\":\"Organization\",\"@id\":\"https:\\\/\\\/cram.org\\\/#organization\",\"name\":\"FUNDACI\u00d3N CRAM\",\"url\":\"https:\\\/\\\/cram.org\\\/\",\"logo\":{\"@type\":\"ImageObject\",\"inLanguage\":\"ca\",\"@id\":\"https:\\\/\\\/cram.org\\\/#\\\/schema\\\/logo\\\/image\\\/\",\"url\":\"https:\\\/\\\/cram.org\\\/wp-content\\\/uploads\\\/2020\\\/11\\\/cram-logo-azul-inferior.png\",\"contentUrl\":\"https:\\\/\\\/cram.org\\\/wp-content\\\/uploads\\\/2020\\\/11\\\/cram-logo-azul-inferior.png\",\"width\":500,\"height\":500,\"caption\":\"FUNDACI\u00d3N CRAM\"},\"image\":{\"@id\":\"https:\\\/\\\/cram.org\\\/#\\\/schema\\\/logo\\\/image\\\/\"},\"sameAs\":[\"https:\\\/\\\/www.facebook.com\\\/fundacioncram\",\"https:\\\/\\\/x.com\\\/crampress\",\"https:\\\/\\\/www.youtube.com\\\/user\\\/FundacioCRAM\"]}]}<\/script>\n<!-- \/ Yoast SEO plugin. -->","yoast_head_json":{"title":"Baldriga Cendrosa (Calonectris diomedea)","description":"Tot el que necessites con\u00e8ixer sobre la Baldriga Cendrosa (Calonectris diomedea) al cat\u00e0leg d'esp\u00e8cies de la Fundaci\u00f3 CRAM: h\u00e0bitat, biologia i amenaces.","robots":{"index":"index","follow":"follow","max-snippet":"max-snippet:-1","max-image-preview":"max-image-preview:large","max-video-preview":"max-video-preview:-1"},"canonical":"https:\/\/cram.org\/ca\/cataleg-especies\/aus-marines\/baldrigues\/baldriga-cendrosa\/","og_locale":"ca_ES","og_type":"article","og_title":"Baldriga Cendrosa (Calonectris diomedea)","og_description":"Tot el que necessites con\u00e8ixer sobre la Baldriga Cendrosa (Calonectris diomedea) al cat\u00e0leg d'esp\u00e8cies de la Fundaci\u00f3 CRAM: h\u00e0bitat, biologia i amenaces.","og_url":"https:\/\/cram.org\/ca\/cataleg-especies\/aus-marines\/baldrigues\/baldriga-cendrosa\/","og_site_name":"CRAM","article_publisher":"https:\/\/www.facebook.com\/fundacioncram","article_modified_time":"2026-04-15T20:00:52+00:00","og_image":[{"width":420,"height":79,"url":"https:\/\/cram.org\/wp-content\/uploads\/2013\/12\/logo-CRAM.png","type":"image\/png"}],"twitter_card":"summary_large_image","twitter_site":"@crampress","twitter_misc":{"Temps estimat de lectura":"5 minuts"},"schema":{"@context":"https:\/\/schema.org","@graph":[{"@type":"WebPage","@id":"https:\/\/cram.org\/ca\/cataleg-especies\/aus-marines\/baldrigues\/baldriga-cendrosa\/","url":"https:\/\/cram.org\/ca\/cataleg-especies\/aus-marines\/baldrigues\/baldriga-cendrosa\/","name":"Baldriga Cendrosa (Calonectris diomedea)","isPartOf":{"@id":"https:\/\/cram.org\/#website"},"datePublished":"2015-03-11T14:25:31+00:00","dateModified":"2026-04-15T20:00:52+00:00","description":"Tot el que necessites con\u00e8ixer sobre la Baldriga Cendrosa (Calonectris diomedea) al cat\u00e0leg d'esp\u00e8cies de la Fundaci\u00f3 CRAM: h\u00e0bitat, biologia i amenaces.","breadcrumb":{"@id":"https:\/\/cram.org\/ca\/cataleg-especies\/aus-marines\/baldrigues\/baldriga-cendrosa\/#breadcrumb"},"inLanguage":"ca","potentialAction":[{"@type":"ReadAction","target":["https:\/\/cram.org\/ca\/cataleg-especies\/aus-marines\/baldrigues\/baldriga-cendrosa\/"]}]},{"@type":"BreadcrumbList","@id":"https:\/\/cram.org\/ca\/cataleg-especies\/aus-marines\/baldrigues\/baldriga-cendrosa\/#breadcrumb","itemListElement":[{"@type":"ListItem","position":1,"name":"Portada","item":"https:\/\/cram.org\/ca\/"},{"@type":"ListItem","position":2,"name":"Cat\u00e0leg d&#8217;esp\u00e8cies","item":"https:\/\/cram.org\/ca\/cataleg-especies\/"},{"@type":"ListItem","position":3,"name":"Aus Marines","item":"https:\/\/cram.org\/ca\/cataleg-especies\/aus-marines\/"},{"@type":"ListItem","position":4,"name":"Baldrigues","item":"https:\/\/cram.org\/ca\/cataleg-especies\/aus-marines\/baldrigues\/"},{"@type":"ListItem","position":5,"name":"Baldriga Cendrosa"}]},{"@type":"WebSite","@id":"https:\/\/cram.org\/#website","url":"https:\/\/cram.org\/","name":"CRAM","description":"Fundaci\u00f3 per a la Conservaci\u00f3 i Recuperaci\u00f3 d'Animals Marins","publisher":{"@id":"https:\/\/cram.org\/#organization"},"potentialAction":[{"@type":"SearchAction","target":{"@type":"EntryPoint","urlTemplate":"https:\/\/cram.org\/?s={search_term_string}"},"query-input":{"@type":"PropertyValueSpecification","valueRequired":true,"valueName":"search_term_string"}}],"inLanguage":"ca"},{"@type":"Organization","@id":"https:\/\/cram.org\/#organization","name":"FUNDACI\u00d3N CRAM","url":"https:\/\/cram.org\/","logo":{"@type":"ImageObject","inLanguage":"ca","@id":"https:\/\/cram.org\/#\/schema\/logo\/image\/","url":"https:\/\/cram.org\/wp-content\/uploads\/2020\/11\/cram-logo-azul-inferior.png","contentUrl":"https:\/\/cram.org\/wp-content\/uploads\/2020\/11\/cram-logo-azul-inferior.png","width":500,"height":500,"caption":"FUNDACI\u00d3N CRAM"},"image":{"@id":"https:\/\/cram.org\/#\/schema\/logo\/image\/"},"sameAs":["https:\/\/www.facebook.com\/fundacioncram","https:\/\/x.com\/crampress","https:\/\/www.youtube.com\/user\/FundacioCRAM"]}]}},"_links":{"self":[{"href":"https:\/\/cram.org\/ca\/wp-json\/wp\/v2\/pages\/12396","targetHints":{"allow":["GET"]}}],"collection":[{"href":"https:\/\/cram.org\/ca\/wp-json\/wp\/v2\/pages"}],"about":[{"href":"https:\/\/cram.org\/ca\/wp-json\/wp\/v2\/types\/page"}],"author":[{"embeddable":true,"href":"https:\/\/cram.org\/ca\/wp-json\/wp\/v2\/users\/1"}],"replies":[{"embeddable":true,"href":"https:\/\/cram.org\/ca\/wp-json\/wp\/v2\/comments?post=12396"}],"version-history":[{"count":0,"href":"https:\/\/cram.org\/ca\/wp-json\/wp\/v2\/pages\/12396\/revisions"}],"up":[{"embeddable":true,"href":"https:\/\/cram.org\/ca\/wp-json\/wp\/v2\/pages\/12384"}],"wp:attachment":[{"href":"https:\/\/cram.org\/ca\/wp-json\/wp\/v2\/media?parent=12396"}],"curies":[{"name":"wp","href":"https:\/\/api.w.org\/{rel}","templated":true}]}}