{"id":21559,"date":"2018-03-19T17:08:17","date_gmt":"2018-03-19T16:08:17","guid":{"rendered":"https:\/\/cram.org\/?post_type=product&#038;p=21559"},"modified":"2019-12-10T08:56:34","modified_gmt":"2019-12-10T07:56:34","slug":"curs-taurons-rajades","status":"publish","type":"product","link":"https:\/\/cram.org\/ca\/cram\/curs-taurons-rajades\/","title":{"rendered":"Curs de Biologia, Clinica i Conservaci\u00f3 de Taurons i Rajades"},"content":{"rendered":"<p>La <strong>Fundaci\u00f3 CRAM<\/strong> organitza un complet curs sobre taurons i rajades, amb la participaci\u00f3 d&#8217;experts en biologia, anatomia, cl\u00ednica i conservaci\u00f3 d&#8217;aquests animals.<\/p>\n<p>El curs es realitzar\u00e0 el 16 i 17 de maig 2020 a les instal\u00b7lacions del <em>Centre de Recuperaci\u00f3 d&#8217;Animals Marins<\/em> de la <strong>Fundaci\u00f3 CRAM<\/strong>\u00a0i es complementa amb una visita t\u00e8cnica a les instal\u00b7lacions de l&#8217;Aquarium de Barcelona.<\/p>\n<p>El curs est\u00e0 obert a totes aquelles persones que aprofundir sobre aquests animals i con\u00e8ixer les \u00faltimes accions que s&#8217;estan desenvolupant per a la seva conservaci\u00f3.<\/p>\n<p>&nbsp;<\/p>\n<p><strong>OBJECTIUS<\/strong><\/p>\n<ul>\n<li>Con\u00e8ixer la biologia, fisiologia, ecologia i distribuci\u00f3 de taurons i rajades.<\/li>\n<li>Aprendre les t\u00e8cniques en la cl\u00ednica\u00a0 y maneig d&#8217;aquests animals.<\/li>\n<li>Con\u00e8ixer els casos cl\u00ednics reals de taurons i rajades.<\/li>\n<li>Con\u00e8ixer l&#8217;anatomia d&#8217;aquestes esp\u00e8cies mitjan\u00e7ant una necr\u00f2psia pr\u00e0ctica.<\/li>\n<li>Con\u00e8ixer la realitzaci\u00f3 d&#8217;estudis subaqu\u00e0tics amb tauros.<\/li>\n<li>Comprendre les problem\u00e0tiques que amenacen la conservaci\u00f3 de taurons i rajades, i plans de gesti\u00f3.<\/li>\n<\/ul>\n<p><strong>PROGRAMA<\/strong><\/p>\n<p>Dia 1 &#8211; Biologia, cl\u00ednica i conservaci\u00f3<\/p>\n<ul>\n<li>Biologia i taxonomia de taurons i rajades.<\/li>\n<li>Anatomia i fisiologia dels elasmobranquis.<\/li>\n<li>Estudis d&#8217;identificaci\u00f3 fotogr\u00e0fica submarina i presa de mostres de subjectes i aspectes etol\u00f2gics.<\/li>\n<li>Ecologia i distribuci\u00f3 d&#8217;elasmobranquis, t\u00e8cniques d&#8217;estudi.<\/li>\n<li>Visita t\u00e8cnica instal\u00b7lacions CRAM.<\/li>\n<li>Cl\u00ednica i maneig, patologies i casos cl\u00ednics d&#8217;elasmobranquis, t\u00e8cniques d&#8217;estudi.<\/li>\n<li>Interacci\u00f3 pesquera amb elasmobranquis: amenaces i investigaci\u00f3.<\/li>\n<\/ul>\n<p>Dia 2 &#8211; Pr\u00e0ctiques i experi\u00e8ncies<\/p>\n<ul>\n<li>Protocol de disecci\u00f3 de taurons.<\/li>\n<li>Necr\u00f2psia de taur\u00f3 (en funci\u00f3 de la disponibilitat).<\/li>\n<li>Entrega de certificats.<\/li>\n<li>Visita a l&#8217;Aquarium de Barcelona amb visita guiada per la zona de quarentena (opcional)<\/li>\n<\/ul>\n<p><strong>DATES<\/strong><\/p>\n<p>El curs s&#8217;impartir\u00e0 el 16 i 17 de maig 2020.<\/p>\n<p><strong>PONENTS<\/strong><\/p>\n<p>Bi\u00f2legs i veterinaris de l&#8217;\u00c0rea de Cl\u00ednica i Rescat de la Fundaci\u00f3 CRAM, investigadors externs en cl\u00ednica i conservaci\u00f3 i especialistes en buceig amb taurons i fotografia.<\/p>\n<p><strong>CR\u00c8DITS DE LLIURE ELECCI\u00d3:<\/strong><\/p>\n<p>Pendent de confirmaci\u00f3.<\/p>\n<p><strong>TRANSPORT P\u00daBLIC<\/strong><b>: <\/b><\/p>\n<p style=\"text-align: justify;\">Rodalies RENFE fins al Prat del Llobregat, i despr\u00e9s l\u2019autob\u00fas PR3 del Prat del Llobregat (\u00faltima parada). Mireu la combinaci\u00f3 de transports per arribar amb puntualitat a l\u2019entrada principal del CRAM i poder comen\u00e7ar amb la formaci\u00f3 als 9:00 hores.<\/p>\n<p><strong>LA MATR\u00cdCULA INCLOU<\/strong><b>:<\/b><\/p>\n<p>El contingut del curs en format digital, diploma acreditatiu, material d\u2019escriptura i entrepans i aigua per menjar..<\/p>\n<p><strong>MENJAR<\/strong><b>:<\/b><\/p>\n<p>Pots optar per portar el teu menjar. Disposem de microones per escalfar els aliments.<\/p>\n<p><strong>PREU<\/strong><\/p>\n<ul style=\"text-align: justify;\">\n<li>Preu general: 170\u20ac<\/li>\n<li>Preu promocional si t&#8217;inscrius abans del 10 d&#8217;abril 2019: 150\u20ac<\/li>\n<li>Preu promocional per als\u00a0<a href=\"https:\/\/cram.org\/cram\/amigo-del-cram\/\"><strong>Amics del CRAM<\/strong><\/a>: 120\u20ac\u00a0 [cup\u00f3 descompte: elasmo19amics]<\/li>\n<li>Preu promocional per a <a href=\"https:\/\/cram.org\/ca\/cram\/voluntari-del-cram-subscripcio\/\"><strong>Voluntaris del CRAM<\/strong><\/a>\u00a090\u20ac\u00a0[cup\u00f3 descompte: elasmo19voluntaris]<\/li>\n<li><strong>ATENCI\u00d3:<\/strong> Es comprovar\u00e0 l&#8217;estat d&#8217;alta dels socis i voluntaris en tots els casos on\u00a0s&#8217;apliqui el cup\u00f3 de descompte. En el cas d&#8217;alta nova, \u00e9s obligatori realitzar el pagament de la quota de forma anual. En el cas d&#8217;aplicaci\u00f3 incorrecta, s&#8217;exigir\u00e0 el pagament de la difer\u00e8ncia per accedir al curs.<\/li>\n<\/ul>\n<p><strong>CONTACTE<\/strong><\/p>\n<p>Podeu contactar amb nosaltres a trav\u00e9s del tel\u00e8fon 93 10 10 170 o des de l&#8217;apartat de contacte de la nostre web.<\/p>\n","protected":false},"excerpt":{"rendered":"<p><strong>A qui va dirigit:<\/strong>\u00a0Estudiants de Biologia, Ci\u00e8ncies del Mar i Veterin\u00e0ria. Professionals del sector i a tots aquells que sense una formaci\u00f3 pr\u00e8via tinguin inter\u00e8s en\u00a0adquirir coneixements i aprendre t\u00e8cniques espec\u00edfiques sobre aquest tema.<\/p>\n<p>El 15 i 16 de juny del 2019.<\/p>\n<p>Av\u00eds important: El curs s\u2019impartir\u00e0 amb un m\u00ednim de 10 assistents.<\/p>\n<p>En cas de ser menor d\u2019edat, contacta abans amb nosaltres.<\/p>\n","protected":false},"featured_media":27790,"comment_status":"closed","ping_status":"closed","template":"","meta":{"_members_access_role":[],"_members_access_error":""},"product_brand":[],"product_cat":[222],"product_tag":[],"class_list":["post-21559","product","type-product","status-publish","has-post-thumbnail","product_cat-formacio","first","outofstock","virtual","taxable","purchasable","product-type-simple"],"yoast_head":"<!-- This site is optimized with the Yoast SEO plugin v28.3 - https:\/\/yoast.com\/product\/yoast-seo-wordpress\/ -->\n<title>Curs Taurons: biologia, cl\u00ednica i conservaci\u00f3 - CRAM<\/title>\n<meta name=\"description\" content=\"Curs complet sobre taurons i rajades amb reconeguts professionals del sector de la biologia i cl\u00ednica marina. Inverteix en el teu futur professional!\" \/>\n<meta name=\"robots\" content=\"index, follow, max-snippet:-1, max-image-preview:large, max-video-preview:-1\" \/>\n<link rel=\"canonical\" href=\"https:\/\/cram.org\/ca\/cram\/curs-taurons-rajades\/\" \/>\n<meta property=\"og:locale\" content=\"ca_ES\" \/>\n<meta property=\"og:type\" content=\"article\" \/>\n<meta property=\"og:title\" content=\"Curs Taurons: biologia, cl\u00ednica i conservaci\u00f3 - CRAM\" \/>\n<meta property=\"og:description\" content=\"Curs complet sobre taurons i rajades amb reconeguts professionals del sector de la biologia i cl\u00ednica marina. Inverteix en el teu futur professional!\" \/>\n<meta property=\"og:url\" content=\"https:\/\/cram.org\/ca\/cram\/curs-taurons-rajades\/\" \/>\n<meta property=\"og:site_name\" content=\"CRAM\" \/>\n<meta property=\"article:publisher\" content=\"https:\/\/www.facebook.com\/fundacioncram\" \/>\n<meta property=\"article:modified_time\" content=\"2019-12-10T07:56:34+00:00\" \/>\n<meta property=\"og:image\" content=\"https:\/\/cram.org\/wp-content\/uploads\/2015\/02\/curso-tiburones-1.jpg\" \/>\n\t<meta property=\"og:image:width\" content=\"600\" \/>\n\t<meta property=\"og:image:height\" content=\"398\" \/>\n\t<meta property=\"og:image:type\" content=\"image\/jpeg\" \/>\n<meta name=\"twitter:card\" content=\"summary_large_image\" \/>\n<meta name=\"twitter:site\" content=\"@crampress\" \/>\n<meta name=\"twitter:label1\" content=\"Temps estimat de lectura\" \/>\n\t<meta name=\"twitter:data1\" content=\"3 minuts\" \/>\n<script type=\"application\/ld+json\" class=\"yoast-schema-graph\">{\"@context\":\"https:\\\/\\\/schema.org\",\"@graph\":[{\"@type\":\"WebPage\",\"@id\":\"https:\\\/\\\/cram.org\\\/ca\\\/cram\\\/curs-taurons-rajades\\\/\",\"url\":\"https:\\\/\\\/cram.org\\\/ca\\\/cram\\\/curs-taurons-rajades\\\/\",\"name\":\"Curs Taurons: biologia, cl\u00ednica i conservaci\u00f3 - CRAM\",\"isPartOf\":{\"@id\":\"https:\\\/\\\/cram.org\\\/#website\"},\"primaryImageOfPage\":{\"@id\":\"https:\\\/\\\/cram.org\\\/ca\\\/cram\\\/curs-taurons-rajades\\\/#primaryimage\"},\"image\":{\"@id\":\"https:\\\/\\\/cram.org\\\/ca\\\/cram\\\/curs-taurons-rajades\\\/#primaryimage\"},\"thumbnailUrl\":\"https:\\\/\\\/cram.org\\\/wp-content\\\/uploads\\\/2015\\\/02\\\/curso-tiburones-1.jpg\",\"datePublished\":\"2018-03-19T16:08:17+00:00\",\"dateModified\":\"2019-12-10T07:56:34+00:00\",\"description\":\"Curs complet sobre taurons i rajades amb reconeguts professionals del sector de la biologia i cl\u00ednica marina. Inverteix en el teu futur professional!\",\"breadcrumb\":{\"@id\":\"https:\\\/\\\/cram.org\\\/ca\\\/cram\\\/curs-taurons-rajades\\\/#breadcrumb\"},\"inLanguage\":\"ca\",\"potentialAction\":[{\"@type\":\"ReadAction\",\"target\":[\"https:\\\/\\\/cram.org\\\/ca\\\/cram\\\/curs-taurons-rajades\\\/\"]}]},{\"@type\":\"ImageObject\",\"inLanguage\":\"ca\",\"@id\":\"https:\\\/\\\/cram.org\\\/ca\\\/cram\\\/curs-taurons-rajades\\\/#primaryimage\",\"url\":\"https:\\\/\\\/cram.org\\\/wp-content\\\/uploads\\\/2015\\\/02\\\/curso-tiburones-1.jpg\",\"contentUrl\":\"https:\\\/\\\/cram.org\\\/wp-content\\\/uploads\\\/2015\\\/02\\\/curso-tiburones-1.jpg\",\"width\":600,\"height\":398},{\"@type\":\"BreadcrumbList\",\"@id\":\"https:\\\/\\\/cram.org\\\/ca\\\/cram\\\/curs-taurons-rajades\\\/#breadcrumb\",\"itemListElement\":[{\"@type\":\"ListItem\",\"position\":1,\"name\":\"Portada\",\"item\":\"https:\\\/\\\/cram.org\\\/ca\\\/\"},{\"@type\":\"ListItem\",\"position\":2,\"name\":\"Tienda\",\"item\":\"https:\\\/\\\/cram.org\\\/tienda\\\/\"},{\"@type\":\"ListItem\",\"position\":3,\"name\":\"Curs de Biologia, Clinica i Conservaci\u00f3 de Taurons i Rajades\"}]},{\"@type\":\"WebSite\",\"@id\":\"https:\\\/\\\/cram.org\\\/#website\",\"url\":\"https:\\\/\\\/cram.org\\\/\",\"name\":\"CRAM\",\"description\":\"Fundaci\u00f3 per a la Conservaci\u00f3 i Recuperaci\u00f3 d'Animals Marins\",\"publisher\":{\"@id\":\"https:\\\/\\\/cram.org\\\/#organization\"},\"potentialAction\":[{\"@type\":\"SearchAction\",\"target\":{\"@type\":\"EntryPoint\",\"urlTemplate\":\"https:\\\/\\\/cram.org\\\/?s={search_term_string}\"},\"query-input\":{\"@type\":\"PropertyValueSpecification\",\"valueRequired\":true,\"valueName\":\"search_term_string\"}}],\"inLanguage\":\"ca\"},{\"@type\":\"Organization\",\"@id\":\"https:\\\/\\\/cram.org\\\/#organization\",\"name\":\"FUNDACI\u00d3N CRAM\",\"url\":\"https:\\\/\\\/cram.org\\\/\",\"logo\":{\"@type\":\"ImageObject\",\"inLanguage\":\"ca\",\"@id\":\"https:\\\/\\\/cram.org\\\/#\\\/schema\\\/logo\\\/image\\\/\",\"url\":\"https:\\\/\\\/cram.org\\\/wp-content\\\/uploads\\\/2020\\\/11\\\/cram-logo-azul-inferior.png\",\"contentUrl\":\"https:\\\/\\\/cram.org\\\/wp-content\\\/uploads\\\/2020\\\/11\\\/cram-logo-azul-inferior.png\",\"width\":500,\"height\":500,\"caption\":\"FUNDACI\u00d3N CRAM\"},\"image\":{\"@id\":\"https:\\\/\\\/cram.org\\\/#\\\/schema\\\/logo\\\/image\\\/\"},\"sameAs\":[\"https:\\\/\\\/www.facebook.com\\\/fundacioncram\",\"https:\\\/\\\/x.com\\\/crampress\",\"https:\\\/\\\/www.youtube.com\\\/user\\\/FundacioCRAM\"]}]}<\/script>\n<!-- \/ Yoast SEO plugin. -->","yoast_head_json":{"title":"Curs Taurons: biologia, cl\u00ednica i conservaci\u00f3 - CRAM","description":"Curs complet sobre taurons i rajades amb reconeguts professionals del sector de la biologia i cl\u00ednica marina. Inverteix en el teu futur professional!","robots":{"index":"index","follow":"follow","max-snippet":"max-snippet:-1","max-image-preview":"max-image-preview:large","max-video-preview":"max-video-preview:-1"},"canonical":"https:\/\/cram.org\/ca\/cram\/curs-taurons-rajades\/","og_locale":"ca_ES","og_type":"article","og_title":"Curs Taurons: biologia, cl\u00ednica i conservaci\u00f3 - CRAM","og_description":"Curs complet sobre taurons i rajades amb reconeguts professionals del sector de la biologia i cl\u00ednica marina. Inverteix en el teu futur professional!","og_url":"https:\/\/cram.org\/ca\/cram\/curs-taurons-rajades\/","og_site_name":"CRAM","article_publisher":"https:\/\/www.facebook.com\/fundacioncram","article_modified_time":"2019-12-10T07:56:34+00:00","og_image":[{"width":600,"height":398,"url":"https:\/\/cram.org\/wp-content\/uploads\/2015\/02\/curso-tiburones-1.jpg","type":"image\/jpeg"}],"twitter_card":"summary_large_image","twitter_site":"@crampress","twitter_misc":{"Temps estimat de lectura":"3 minuts"},"schema":{"@context":"https:\/\/schema.org","@graph":[{"@type":"WebPage","@id":"https:\/\/cram.org\/ca\/cram\/curs-taurons-rajades\/","url":"https:\/\/cram.org\/ca\/cram\/curs-taurons-rajades\/","name":"Curs Taurons: biologia, cl\u00ednica i conservaci\u00f3 - CRAM","isPartOf":{"@id":"https:\/\/cram.org\/#website"},"primaryImageOfPage":{"@id":"https:\/\/cram.org\/ca\/cram\/curs-taurons-rajades\/#primaryimage"},"image":{"@id":"https:\/\/cram.org\/ca\/cram\/curs-taurons-rajades\/#primaryimage"},"thumbnailUrl":"https:\/\/cram.org\/wp-content\/uploads\/2015\/02\/curso-tiburones-1.jpg","datePublished":"2018-03-19T16:08:17+00:00","dateModified":"2019-12-10T07:56:34+00:00","description":"Curs complet sobre taurons i rajades amb reconeguts professionals del sector de la biologia i cl\u00ednica marina. Inverteix en el teu futur professional!","breadcrumb":{"@id":"https:\/\/cram.org\/ca\/cram\/curs-taurons-rajades\/#breadcrumb"},"inLanguage":"ca","potentialAction":[{"@type":"ReadAction","target":["https:\/\/cram.org\/ca\/cram\/curs-taurons-rajades\/"]}]},{"@type":"ImageObject","inLanguage":"ca","@id":"https:\/\/cram.org\/ca\/cram\/curs-taurons-rajades\/#primaryimage","url":"https:\/\/cram.org\/wp-content\/uploads\/2015\/02\/curso-tiburones-1.jpg","contentUrl":"https:\/\/cram.org\/wp-content\/uploads\/2015\/02\/curso-tiburones-1.jpg","width":600,"height":398},{"@type":"BreadcrumbList","@id":"https:\/\/cram.org\/ca\/cram\/curs-taurons-rajades\/#breadcrumb","itemListElement":[{"@type":"ListItem","position":1,"name":"Portada","item":"https:\/\/cram.org\/ca\/"},{"@type":"ListItem","position":2,"name":"Tienda","item":"https:\/\/cram.org\/tienda\/"},{"@type":"ListItem","position":3,"name":"Curs de Biologia, Clinica i Conservaci\u00f3 de Taurons i Rajades"}]},{"@type":"WebSite","@id":"https:\/\/cram.org\/#website","url":"https:\/\/cram.org\/","name":"CRAM","description":"Fundaci\u00f3 per a la Conservaci\u00f3 i Recuperaci\u00f3 d'Animals Marins","publisher":{"@id":"https:\/\/cram.org\/#organization"},"potentialAction":[{"@type":"SearchAction","target":{"@type":"EntryPoint","urlTemplate":"https:\/\/cram.org\/?s={search_term_string}"},"query-input":{"@type":"PropertyValueSpecification","valueRequired":true,"valueName":"search_term_string"}}],"inLanguage":"ca"},{"@type":"Organization","@id":"https:\/\/cram.org\/#organization","name":"FUNDACI\u00d3N CRAM","url":"https:\/\/cram.org\/","logo":{"@type":"ImageObject","inLanguage":"ca","@id":"https:\/\/cram.org\/#\/schema\/logo\/image\/","url":"https:\/\/cram.org\/wp-content\/uploads\/2020\/11\/cram-logo-azul-inferior.png","contentUrl":"https:\/\/cram.org\/wp-content\/uploads\/2020\/11\/cram-logo-azul-inferior.png","width":500,"height":500,"caption":"FUNDACI\u00d3N CRAM"},"image":{"@id":"https:\/\/cram.org\/#\/schema\/logo\/image\/"},"sameAs":["https:\/\/www.facebook.com\/fundacioncram","https:\/\/x.com\/crampress","https:\/\/www.youtube.com\/user\/FundacioCRAM"]}]}},"_links":{"self":[{"href":"https:\/\/cram.org\/ca\/wp-json\/wp\/v2\/product\/21559","targetHints":{"allow":["GET"]}}],"collection":[{"href":"https:\/\/cram.org\/ca\/wp-json\/wp\/v2\/product"}],"about":[{"href":"https:\/\/cram.org\/ca\/wp-json\/wp\/v2\/types\/product"}],"replies":[{"embeddable":true,"href":"https:\/\/cram.org\/ca\/wp-json\/wp\/v2\/comments?post=21559"}],"wp:featuredmedia":[{"embeddable":true,"href":"https:\/\/cram.org\/ca\/wp-json\/wp\/v2\/media\/27790"}],"wp:attachment":[{"href":"https:\/\/cram.org\/ca\/wp-json\/wp\/v2\/media?parent=21559"}],"wp:term":[{"taxonomy":"product_brand","embeddable":true,"href":"https:\/\/cram.org\/ca\/wp-json\/wp\/v2\/product_brand?post=21559"},{"taxonomy":"product_cat","embeddable":true,"href":"https:\/\/cram.org\/ca\/wp-json\/wp\/v2\/product_cat?post=21559"},{"taxonomy":"product_tag","embeddable":true,"href":"https:\/\/cram.org\/ca\/wp-json\/wp\/v2\/product_tag?post=21559"}],"curies":[{"name":"wp","href":"https:\/\/api.w.org\/{rel}","templated":true}]}}