{"id":22477,"date":"2018-07-25T16:19:38","date_gmt":"2018-07-25T15:19:38","guid":{"rendered":"https:\/\/cram.org\/?post_type=product&#038;p=22477"},"modified":"2018-08-07T09:38:19","modified_gmt":"2018-08-07T08:38:19","slug":"formacion-de-voluntarios-en-el-prat-de-llobregat","status":"publish","type":"product","link":"https:\/\/cram.org\/ca\/cram\/formacion-de-voluntarios-en-el-prat-de-llobregat\/","title":{"rendered":"Formaci\u00f3 de voluntaris a El Prat de Llobregat"},"content":{"rendered":"<p style=\"text-align: justify\">Des de la Fundaci\u00f3 CRAM volem implicar a la ciutadania en accions de voluntariat mediambiental. Per aquest motiu, i gr\u00e0cies a la col\u00b7laboraci\u00f3 de l\u2019Ajuntament del Prat de Llobregat, la Fundaci\u00f3 CRAM ha organitzat una jornada de formaci\u00f3 que pret\u00e9n formar a un grup de 25 voluntaris\/es per formar part de la Xarxa de Rescat del CRAM, i col\u00b7laborar en l&#8217;assist\u00e8ncia a fauna marina amena\u00e7ada.<\/p>\n<p style=\"text-align: justify\">Per participar no cal cap formaci\u00f3 pr\u00e8via. Nom\u00e9s cal ser major d&#8217;edat i tenir moltes ganes de participar en accions de voluntariat dirigides a la conservaci\u00f3 dels nostres mars i oceans.<\/p>\n<p style=\"text-align: justify\">La jornada formativa es far\u00e0 el dissabte 22 de setembre a les instal\u00b7lacions del Centre de Recuperaci\u00f3 d\u2019Animals Marins de la Fundaci\u00f3 CRAM, al Prat de Llobregat, on els assistents rebran una formaci\u00f3 espec\u00edfica en primera assist\u00e8ncia a fauna marina amena\u00e7ada.<\/p>\n<p style=\"text-align: justify\">Una vegada finalitzada la jornada, els participants passaran a formar part de programa de voluntariat de la Fundaci\u00f3 CRAM durant un any sense cap cost i podran col\u00b7laborar en les accions d&#8217;assist\u00e8ncia i rescat de fauna marina que puguin sorgir.<\/p>\n<p style=\"text-align: justify\">La Fundaci\u00f3 CRAM t\u00e9 una llarga traject\u00f2ria en la gesti\u00f3 i coordinaci\u00f3 del voluntariat. Des dels seus inicis, el 1.994, la participaci\u00f3 del voluntariat ha estat de vital import\u00e0ncia per poder desenvolupar les diferents l\u00ednies d&#8217;actuaci\u00f3 del CRAM (cl\u00ednica i rescat, recerca i educaci\u00f3 i sensibilitzaci\u00f3).<\/p>\n<p style=\"text-align: justify\">Portem m\u00e9s de 20 anys preparant i capacitant a totes aquelles persones que han volgut implicar-se en el projecte CRAM, desenvolupant diferents cursos de formaci\u00f3 espec\u00edfics dirigits als voluntaris.<\/p>\n<p>&nbsp;<\/p>\n<p><strong>OBJECTIUS<\/strong><br \/>\n[list style=\u00bbcheck\u00bb]<br \/>\n[list_item]Fomentar la participaci\u00f3 ciutadana en activitats altruistes de voluntariat. [\/list_item]<br \/>\n[list_item]Implicar als ciutadans en una entitat de refer\u00e8ncia, com \u00e9s la Fundaci\u00f3 CRAM, que treballa a favor del mar i de les esp\u00e8cies amena\u00e7ades que l\u2019habiten.[\/list_item]<br \/>\n[list_item]Implicar als ciutadans en accions de conservaci\u00f3 mediambiental.[\/list_item]<br \/>\n[list_item]Facilitar una formaci\u00f3 espec\u00edfica i adequada en mat\u00e8ria de protocols de maneig i rescat de fauna marina protegida a tots els participants.[\/list_item]<br \/>\n[list_item]Sensibilitzar als participants en torn a les amenaces que afecten la biodiversitat marina.[\/list_item]<br \/>\n[list_item]Crear una base de voluntaris per a que formin part de la Xarxa de Rescat de la Fundaci\u00f3 CRAM, que d\u00f3na assist\u00e8ncia a tortugues marines, cetacis i aus marines que apareixen amb lesions o patologies a tot el litoral catal\u00e0, a instancies de la Generalitat de Catalunya.[\/list_item][\/list]<\/p>\n<p>&nbsp;<\/p>\n<p><strong style=\"line-height: 1.5em\">DATES<\/strong><\/p>\n<p>El curs s\u2019impartir\u00e0 el dissabte 22 de setembre, de 10 a 13 hores aprox.<\/p>\n<p><strong>CONTACTE<\/strong><br \/>\nPodeu contactar amb nosaltres a trav\u00e9s del tel\u00e8fon 93 75 24 5 81 o a trav\u00e9s del mail: vol@cram.org.<br \/>\n&nbsp;<\/p>\n<p><strong style=\"line-height: 1.5em\">COL\u00b7LABORADOR<\/strong><\/p>\n<p><a href=\"http:\/\/www.elprat.cat\/\" target=\"_blank\" rel=\"noopener\"><img decoding=\"async\" class=\"size-full wp-image-5887\" src=\"https:\/\/cram.org\/wp-content\/uploads\/2014\/10\/Ajuntament_El_Prat.png\" alt=\"Ajuntament El Prat\" width=\"207\" height=\"81\" \/><\/a><\/p>\n<p><strong>PREU<\/strong><\/p>\n<p>0 \u20ac<\/p>\n<p>&nbsp;<\/p>\n","protected":false},"excerpt":{"rendered":"<p><strong>A qui va dirigit<\/strong>: Majors d&#8217;edat i tenir moltes ganes de participar en accions de voluntariat dirigides a la conservaci\u00f3 dels nostres mars i oceans.<\/p>\n<p>El 22 de setembre de 2018<\/p>\n","protected":false},"featured_media":27797,"comment_status":"closed","ping_status":"closed","template":"","meta":{"_members_access_role":[],"_members_access_error":""},"product_brand":[],"product_cat":[222,235],"product_tag":[],"class_list":["post-22477","product","type-product","status-publish","has-post-thumbnail","product_cat-formacio","product_cat-sin-categoria-ca","first","outofstock","virtual","sold-individually","taxable","purchasable","product-type-simple"],"yoast_head":"<!-- This site is optimized with the Yoast SEO plugin v28.3 - https:\/\/yoast.com\/product\/yoast-seo-wordpress\/ -->\n<title>Formaci\u00f3 de voluntaris a El Prat de Llobregat - CRAM<\/title>\n<meta name=\"robots\" content=\"index, follow, max-snippet:-1, max-image-preview:large, max-video-preview:-1\" \/>\n<link rel=\"canonical\" href=\"https:\/\/cram.org\/ca\/cram\/formacion-de-voluntarios-en-el-prat-de-llobregat\/\" \/>\n<meta property=\"og:locale\" content=\"ca_ES\" \/>\n<meta property=\"og:type\" content=\"article\" \/>\n<meta property=\"og:title\" content=\"Formaci\u00f3 de voluntaris a El Prat de Llobregat - CRAM\" \/>\n<meta property=\"og:description\" content=\"A qui va dirigit: Majors d&#039;edat i tenir moltes ganes de participar en accions de voluntariat dirigides a la conservaci\u00f3 dels nostres mars i oceans.  El 22 de setembre de 2018\" \/>\n<meta property=\"og:url\" content=\"https:\/\/cram.org\/ca\/cram\/formacion-de-voluntarios-en-el-prat-de-llobregat\/\" \/>\n<meta property=\"og:site_name\" content=\"CRAM\" \/>\n<meta property=\"article:publisher\" content=\"https:\/\/www.facebook.com\/fundacioncram\" \/>\n<meta property=\"article:modified_time\" content=\"2018-08-07T08:38:19+00:00\" \/>\n<meta property=\"og:image\" content=\"https:\/\/cram.org\/wp-content\/uploads\/2014\/10\/formacion-prat1.jpg\" \/>\n\t<meta property=\"og:image:width\" content=\"3648\" \/>\n\t<meta property=\"og:image:height\" content=\"2736\" \/>\n\t<meta property=\"og:image:type\" content=\"image\/jpeg\" \/>\n<meta name=\"twitter:card\" content=\"summary_large_image\" \/>\n<meta name=\"twitter:site\" content=\"@crampress\" \/>\n<meta name=\"twitter:label1\" content=\"Temps estimat de lectura\" \/>\n\t<meta name=\"twitter:data1\" content=\"2 minuts\" \/>\n<script type=\"application\/ld+json\" class=\"yoast-schema-graph\">{\"@context\":\"https:\\\/\\\/schema.org\",\"@graph\":[{\"@type\":\"WebPage\",\"@id\":\"https:\\\/\\\/cram.org\\\/ca\\\/cram\\\/formacion-de-voluntarios-en-el-prat-de-llobregat\\\/\",\"url\":\"https:\\\/\\\/cram.org\\\/ca\\\/cram\\\/formacion-de-voluntarios-en-el-prat-de-llobregat\\\/\",\"name\":\"Formaci\u00f3 de voluntaris a El Prat de Llobregat - CRAM\",\"isPartOf\":{\"@id\":\"https:\\\/\\\/cram.org\\\/#website\"},\"primaryImageOfPage\":{\"@id\":\"https:\\\/\\\/cram.org\\\/ca\\\/cram\\\/formacion-de-voluntarios-en-el-prat-de-llobregat\\\/#primaryimage\"},\"image\":{\"@id\":\"https:\\\/\\\/cram.org\\\/ca\\\/cram\\\/formacion-de-voluntarios-en-el-prat-de-llobregat\\\/#primaryimage\"},\"thumbnailUrl\":\"https:\\\/\\\/cram.org\\\/wp-content\\\/uploads\\\/2014\\\/10\\\/formacion-prat1.jpg\",\"datePublished\":\"2018-07-25T15:19:38+00:00\",\"dateModified\":\"2018-08-07T08:38:19+00:00\",\"breadcrumb\":{\"@id\":\"https:\\\/\\\/cram.org\\\/ca\\\/cram\\\/formacion-de-voluntarios-en-el-prat-de-llobregat\\\/#breadcrumb\"},\"inLanguage\":\"ca\",\"potentialAction\":[{\"@type\":\"ReadAction\",\"target\":[\"https:\\\/\\\/cram.org\\\/ca\\\/cram\\\/formacion-de-voluntarios-en-el-prat-de-llobregat\\\/\"]}]},{\"@type\":\"ImageObject\",\"inLanguage\":\"ca\",\"@id\":\"https:\\\/\\\/cram.org\\\/ca\\\/cram\\\/formacion-de-voluntarios-en-el-prat-de-llobregat\\\/#primaryimage\",\"url\":\"https:\\\/\\\/cram.org\\\/wp-content\\\/uploads\\\/2014\\\/10\\\/formacion-prat1.jpg\",\"contentUrl\":\"https:\\\/\\\/cram.org\\\/wp-content\\\/uploads\\\/2014\\\/10\\\/formacion-prat1.jpg\",\"width\":3648,\"height\":2736},{\"@type\":\"BreadcrumbList\",\"@id\":\"https:\\\/\\\/cram.org\\\/ca\\\/cram\\\/formacion-de-voluntarios-en-el-prat-de-llobregat\\\/#breadcrumb\",\"itemListElement\":[{\"@type\":\"ListItem\",\"position\":1,\"name\":\"Portada\",\"item\":\"https:\\\/\\\/cram.org\\\/ca\\\/\"},{\"@type\":\"ListItem\",\"position\":2,\"name\":\"Tienda\",\"item\":\"https:\\\/\\\/cram.org\\\/tienda\\\/\"},{\"@type\":\"ListItem\",\"position\":3,\"name\":\"Formaci\u00f3 de voluntaris a El Prat de Llobregat\"}]},{\"@type\":\"WebSite\",\"@id\":\"https:\\\/\\\/cram.org\\\/#website\",\"url\":\"https:\\\/\\\/cram.org\\\/\",\"name\":\"CRAM\",\"description\":\"Fundaci\u00f3 per a la Conservaci\u00f3 i Recuperaci\u00f3 d'Animals Marins\",\"publisher\":{\"@id\":\"https:\\\/\\\/cram.org\\\/#organization\"},\"potentialAction\":[{\"@type\":\"SearchAction\",\"target\":{\"@type\":\"EntryPoint\",\"urlTemplate\":\"https:\\\/\\\/cram.org\\\/?s={search_term_string}\"},\"query-input\":{\"@type\":\"PropertyValueSpecification\",\"valueRequired\":true,\"valueName\":\"search_term_string\"}}],\"inLanguage\":\"ca\"},{\"@type\":\"Organization\",\"@id\":\"https:\\\/\\\/cram.org\\\/#organization\",\"name\":\"FUNDACI\u00d3N CRAM\",\"url\":\"https:\\\/\\\/cram.org\\\/\",\"logo\":{\"@type\":\"ImageObject\",\"inLanguage\":\"ca\",\"@id\":\"https:\\\/\\\/cram.org\\\/#\\\/schema\\\/logo\\\/image\\\/\",\"url\":\"https:\\\/\\\/cram.org\\\/wp-content\\\/uploads\\\/2020\\\/11\\\/cram-logo-azul-inferior.png\",\"contentUrl\":\"https:\\\/\\\/cram.org\\\/wp-content\\\/uploads\\\/2020\\\/11\\\/cram-logo-azul-inferior.png\",\"width\":500,\"height\":500,\"caption\":\"FUNDACI\u00d3N CRAM\"},\"image\":{\"@id\":\"https:\\\/\\\/cram.org\\\/#\\\/schema\\\/logo\\\/image\\\/\"},\"sameAs\":[\"https:\\\/\\\/www.facebook.com\\\/fundacioncram\",\"https:\\\/\\\/x.com\\\/crampress\",\"https:\\\/\\\/www.youtube.com\\\/user\\\/FundacioCRAM\"]}]}<\/script>\n<!-- \/ Yoast SEO plugin. -->","yoast_head_json":{"title":"Formaci\u00f3 de voluntaris a El Prat de Llobregat - CRAM","robots":{"index":"index","follow":"follow","max-snippet":"max-snippet:-1","max-image-preview":"max-image-preview:large","max-video-preview":"max-video-preview:-1"},"canonical":"https:\/\/cram.org\/ca\/cram\/formacion-de-voluntarios-en-el-prat-de-llobregat\/","og_locale":"ca_ES","og_type":"article","og_title":"Formaci\u00f3 de voluntaris a El Prat de Llobregat - CRAM","og_description":"A qui va dirigit: Majors d'edat i tenir moltes ganes de participar en accions de voluntariat dirigides a la conservaci\u00f3 dels nostres mars i oceans.  El 22 de setembre de 2018","og_url":"https:\/\/cram.org\/ca\/cram\/formacion-de-voluntarios-en-el-prat-de-llobregat\/","og_site_name":"CRAM","article_publisher":"https:\/\/www.facebook.com\/fundacioncram","article_modified_time":"2018-08-07T08:38:19+00:00","og_image":[{"width":3648,"height":2736,"url":"https:\/\/cram.org\/wp-content\/uploads\/2014\/10\/formacion-prat1.jpg","type":"image\/jpeg"}],"twitter_card":"summary_large_image","twitter_site":"@crampress","twitter_misc":{"Temps estimat de lectura":"2 minuts"},"schema":{"@context":"https:\/\/schema.org","@graph":[{"@type":"WebPage","@id":"https:\/\/cram.org\/ca\/cram\/formacion-de-voluntarios-en-el-prat-de-llobregat\/","url":"https:\/\/cram.org\/ca\/cram\/formacion-de-voluntarios-en-el-prat-de-llobregat\/","name":"Formaci\u00f3 de voluntaris a El Prat de Llobregat - CRAM","isPartOf":{"@id":"https:\/\/cram.org\/#website"},"primaryImageOfPage":{"@id":"https:\/\/cram.org\/ca\/cram\/formacion-de-voluntarios-en-el-prat-de-llobregat\/#primaryimage"},"image":{"@id":"https:\/\/cram.org\/ca\/cram\/formacion-de-voluntarios-en-el-prat-de-llobregat\/#primaryimage"},"thumbnailUrl":"https:\/\/cram.org\/wp-content\/uploads\/2014\/10\/formacion-prat1.jpg","datePublished":"2018-07-25T15:19:38+00:00","dateModified":"2018-08-07T08:38:19+00:00","breadcrumb":{"@id":"https:\/\/cram.org\/ca\/cram\/formacion-de-voluntarios-en-el-prat-de-llobregat\/#breadcrumb"},"inLanguage":"ca","potentialAction":[{"@type":"ReadAction","target":["https:\/\/cram.org\/ca\/cram\/formacion-de-voluntarios-en-el-prat-de-llobregat\/"]}]},{"@type":"ImageObject","inLanguage":"ca","@id":"https:\/\/cram.org\/ca\/cram\/formacion-de-voluntarios-en-el-prat-de-llobregat\/#primaryimage","url":"https:\/\/cram.org\/wp-content\/uploads\/2014\/10\/formacion-prat1.jpg","contentUrl":"https:\/\/cram.org\/wp-content\/uploads\/2014\/10\/formacion-prat1.jpg","width":3648,"height":2736},{"@type":"BreadcrumbList","@id":"https:\/\/cram.org\/ca\/cram\/formacion-de-voluntarios-en-el-prat-de-llobregat\/#breadcrumb","itemListElement":[{"@type":"ListItem","position":1,"name":"Portada","item":"https:\/\/cram.org\/ca\/"},{"@type":"ListItem","position":2,"name":"Tienda","item":"https:\/\/cram.org\/tienda\/"},{"@type":"ListItem","position":3,"name":"Formaci\u00f3 de voluntaris a El Prat de Llobregat"}]},{"@type":"WebSite","@id":"https:\/\/cram.org\/#website","url":"https:\/\/cram.org\/","name":"CRAM","description":"Fundaci\u00f3 per a la Conservaci\u00f3 i Recuperaci\u00f3 d'Animals Marins","publisher":{"@id":"https:\/\/cram.org\/#organization"},"potentialAction":[{"@type":"SearchAction","target":{"@type":"EntryPoint","urlTemplate":"https:\/\/cram.org\/?s={search_term_string}"},"query-input":{"@type":"PropertyValueSpecification","valueRequired":true,"valueName":"search_term_string"}}],"inLanguage":"ca"},{"@type":"Organization","@id":"https:\/\/cram.org\/#organization","name":"FUNDACI\u00d3N CRAM","url":"https:\/\/cram.org\/","logo":{"@type":"ImageObject","inLanguage":"ca","@id":"https:\/\/cram.org\/#\/schema\/logo\/image\/","url":"https:\/\/cram.org\/wp-content\/uploads\/2020\/11\/cram-logo-azul-inferior.png","contentUrl":"https:\/\/cram.org\/wp-content\/uploads\/2020\/11\/cram-logo-azul-inferior.png","width":500,"height":500,"caption":"FUNDACI\u00d3N CRAM"},"image":{"@id":"https:\/\/cram.org\/#\/schema\/logo\/image\/"},"sameAs":["https:\/\/www.facebook.com\/fundacioncram","https:\/\/x.com\/crampress","https:\/\/www.youtube.com\/user\/FundacioCRAM"]}]}},"_links":{"self":[{"href":"https:\/\/cram.org\/ca\/wp-json\/wp\/v2\/product\/22477","targetHints":{"allow":["GET"]}}],"collection":[{"href":"https:\/\/cram.org\/ca\/wp-json\/wp\/v2\/product"}],"about":[{"href":"https:\/\/cram.org\/ca\/wp-json\/wp\/v2\/types\/product"}],"replies":[{"embeddable":true,"href":"https:\/\/cram.org\/ca\/wp-json\/wp\/v2\/comments?post=22477"}],"wp:featuredmedia":[{"embeddable":true,"href":"https:\/\/cram.org\/ca\/wp-json\/wp\/v2\/media\/27797"}],"wp:attachment":[{"href":"https:\/\/cram.org\/ca\/wp-json\/wp\/v2\/media?parent=22477"}],"wp:term":[{"taxonomy":"product_brand","embeddable":true,"href":"https:\/\/cram.org\/ca\/wp-json\/wp\/v2\/product_brand?post=22477"},{"taxonomy":"product_cat","embeddable":true,"href":"https:\/\/cram.org\/ca\/wp-json\/wp\/v2\/product_cat?post=22477"},{"taxonomy":"product_tag","embeddable":true,"href":"https:\/\/cram.org\/ca\/wp-json\/wp\/v2\/product_tag?post=22477"}],"curies":[{"name":"wp","href":"https:\/\/api.w.org\/{rel}","templated":true}]}}