{"id":29868,"date":"2019-09-25T11:53:00","date_gmt":"2019-09-25T10:53:00","guid":{"rendered":"https:\/\/cram.org\/?post_type=product&#038;p=29868"},"modified":"2019-12-10T09:12:51","modified_gmt":"2019-12-10T08:12:51","slug":"curs-clinica-cetacis","status":"publish","type":"product","link":"https:\/\/cram.org\/ca\/cram\/curs-clinica-cetacis\/","title":{"rendered":"Curs de biologia, cl\u00ednica i conservaci\u00f3 de mam\u00edfers marins"},"content":{"rendered":"<p style=\"text-align: justify;\">La <strong>Fundaci\u00f3n CRAM<\/strong> ha organizat un complet curs sobre cetacis on participaran els especialistes m\u00e9s representatius d&#8217;Espanya en la cl\u00ednica i conservaci\u00f3 d&#8217;aquests animals.<\/p>\n<p style=\"text-align: justify;\">El curs es realitzar\u00e0 el 17 i 18 d&#8217;octubre de 2020 a les instal\u00b7lacions del <em>Centre de Recuperaci\u00f3 d&#8217;Animals Marins<\/em> de la <strong>Fundaci\u00f3 CRAM<\/strong> i tractar\u00e0 aspectes de la biologia, anatomia, cl\u00ednica i conservaci\u00f3 de mam\u00edfers marins.<\/p>\n<p style=\"text-align: justify;\">El curs est\u00e0 obert a totes aquelles persones que vulguin aprofundir m\u00e9s sobre aquests animals i les \u00faltimes accions que s&#8217;estan desenvolupant per a la seva conservaci\u00f3.<\/p>\n<p style=\"text-align: justify;\"><strong>OBJECTIUS<\/strong><\/p>\n<ul style=\"text-align: justify;\">\n<li>Introduir-se en la biologia dels mam\u00edfers marins<\/li>\n<li>Proporcionar informaci\u00f3 sobre com realitzar el diagn\u00f2stic i el rescat dels mam\u00edfers marins<\/li>\n<li>Aprendre les t\u00e8cniques utilitzades en el trasllat, cura, alimentaci\u00f3 i rehabilitaci\u00f3 dels mam\u00edfers marins<\/li>\n<li>Clarificar conceptes vinculats en la conservaci\u00f3 dels mam\u00edfers marins<\/li>\n<li>Entendre els problemes de conservaci\u00f3 que afecten als mam\u00edfers marins<\/li>\n<\/ul>\n<p style=\"text-align: justify;\"><strong>PROGRAMA provisional<\/strong><\/p>\n<p style=\"text-align: justify;\"><strong>Dia 1 &#8211; Biologia, anatomia, cl\u00ednica i conservaci\u00f3 de mam\u00edfers marins<\/strong><\/p>\n<ul style=\"text-align: justify;\">\n<li>Presentaci\u00f3 curs<\/li>\n<li>Biologia i identificaci\u00f3<\/li>\n<li>Anatomia de cetacis<\/li>\n<li>Problemes de conservaci\u00f3 en cetacis<\/li>\n<li>Estr\u00e8s en mam\u00edfers marins. Qu\u00e8 \u00e9s? Com es valora? Qu\u00e8 significa?<\/li>\n<li>Cl\u00ednica i maneig de cetacis en centres de rescat<\/li>\n<\/ul>\n<p style=\"text-align: justify;\"><strong>Dia 2 &#8211; Diagn\u00f2stic per imatge, causes d&#8217;encallament i pr\u00e0ctiques<\/strong><\/p>\n<ul style=\"text-align: justify;\">\n<li>Visita t\u00e8cnica instal\u00b7lacions<\/li>\n<li>Diagn\u00f2stic per imatge en cetacis<\/li>\n<li>Principals patologies i causes d&#8217;encallament de cetacis a les costes espanyoles<\/li>\n<li>Necropsia de dof\u00ed (en funci\u00f3 d&#8217;esp\u00e8cimen disponible)<\/li>\n<\/ul>\n<p style=\"text-align: justify;\"><strong>DATES<\/strong><br \/>\nEl curs s&#8217;impartir\u00e0 el 17 i 18 d&#8217;octubre del 2020 de 09:00 a 17:00 h aproximadament.<\/p>\n<p style=\"text-align: justify;\"><strong>TRANSPORT P\u00daBLIC<\/strong><\/p>\n<p style=\"text-align: justify;\">A l\u2019hivern, el transport p\u00fablic no arriba fins a la Platja del Prat del Llobregat, nom\u00e9s s\u2019hi pot accedir amb transport privat. Als que no puguin vindre amb transport privat, quan feu la inscripci\u00f3 indiqueu a l&#8217;apartat de \u00abnotes\u00bb que necessitareu transport i buscarem una alternativa.<\/p>\n<p style=\"text-align: justify;\"><strong>CONTINGUT<\/strong><\/p>\n<p style=\"text-align: justify;\">Te\u00f2ric-pr\u00e0ctic<\/p>\n<p style=\"text-align: justify;\">Per a la necr\u00f2psia \u00e9s imprescindible que l&#8217;alumne\/a porti botes d&#8217;aigua i bata.<\/p>\n<p style=\"text-align: justify;\"><strong>LA MATRICULA INCLOU<\/strong><\/p>\n<p style=\"text-align: justify;\">Continguts del curs en format digital i diploma acreditatiu, material d&#8217;escriptura, entrepans i aig\u00fces per dinar.<\/p>\n<p style=\"text-align: justify;\"><strong>MENJAR<\/strong><\/p>\n<p style=\"text-align: justify;\">Els alumnes poden portar el seu menjar i podran dinar a les instal\u00b7lacions del CRAM si no volen entrepans o tenen necessitats especials. Disposem de microones.<\/p>\n<p><strong>RECONEIXEMENT ACAD\u00c8MIC<\/strong><\/p>\n<p style=\"text-align: justify;\">Pendent de confirmaci\u00f3.<\/p>\n<p style=\"text-align: justify;\"><strong>PREU<\/strong><\/p>\n<ul style=\"text-align: justify;\">\n<li>Preu general: 170\u20ac<\/li>\n<li>Preu promo si t&#8217;inscrius abans del 30 d&#8217;octubre 2019: 150\u20ac<\/li>\n<li>Preu promocional <a href=\"https:\/\/cram.org\/ca\/cram\/amic-cram-subscripcio\/\"><strong>Amics del CRAM<\/strong><\/a>: 120\u20ac [cup\u00f3 descompte: cet2019socios]<\/li>\n<li>Preu promocional <a href=\"https:\/\/cram.org\/ca\/cram\/voluntari-del-cram-subscripcio\/\"><strong>Voluntaris del CRAM<\/strong><\/a>: 90\u20ac [cup\u00f3 descompte: cet2019volun]<\/li>\n<li><strong>ATENCI\u00d3:<\/strong> es comprovar\u00e0 l&#8217;estat d&#8217;alta dels Amics del CRAM i voluntaris en tots els casos on s&#8217;apliqui el cup\u00f3 de descompte. En el cas de que siguis una nova alta, \u00e9s obligatori realitzar el pagament de la quota de forma anual. En el cas d&#8217;aplicaci\u00f3 incorrecta, s&#8217;exigir\u00e0 el pagament de la difer\u00e8ncia per accedir al curs.<\/li>\n<\/ul>\n","protected":false},"excerpt":{"rendered":"<p><strong>A qui va dirigit:<\/strong> Estudiants de Biologia, Ci\u00e8ncies del Mar i Veterinaria. Professionals del sector i tots aquells que sense cap formaci\u00f3 pr\u00e8via tinguin inter\u00e8s en adquirir coneixements i aprendre t\u00e8cniques espec\u00edfiques sobre aquest tema.<\/p>\n<p>El 17 i 18 d&#8217;octubre de 2020.<\/p>\n<p>Av\u00eds important. El curs s&#8217;impartir\u00e0 amb un m\u00ednim de 10 assistents.<\/p>\n","protected":false},"featured_media":29789,"comment_status":"closed","ping_status":"closed","template":"","meta":{"_members_access_role":[],"_members_access_error":""},"product_brand":[],"product_cat":[222],"product_tag":[],"class_list":["post-29868","product","type-product","status-publish","has-post-thumbnail","product_cat-formacio","first","outofstock","virtual","taxable","purchasable","product-type-simple"],"yoast_head":"<!-- This site is optimized with the Yoast SEO plugin v28.3 - https:\/\/yoast.com\/product\/yoast-seo-wordpress\/ -->\n<title>Curs de biologia, cl\u00ednica i conservaci\u00f3 de mam\u00edfers marins - CRAM<\/title>\n<meta name=\"robots\" content=\"index, follow, max-snippet:-1, max-image-preview:large, max-video-preview:-1\" \/>\n<link rel=\"canonical\" href=\"https:\/\/cram.org\/ca\/cram\/curs-clinica-cetacis\/\" \/>\n<meta property=\"og:locale\" content=\"ca_ES\" \/>\n<meta property=\"og:type\" content=\"article\" \/>\n<meta property=\"og:title\" content=\"Curs de biologia, cl\u00ednica i conservaci\u00f3 de mam\u00edfers marins - CRAM\" \/>\n<meta property=\"og:description\" content=\"A qui va dirigit: Estudiants de Biologia, Ci\u00e8ncies del Mar i Veterinaria. Professionals del sector i tots aquells que sense cap formaci\u00f3 pr\u00e8via tinguin inter\u00e8s en adquirir coneixements i aprendre t\u00e8cniques espec\u00edfiques sobre aquest tema.  El 17 i 18 d&#039;octubre de 2020.  Av\u00eds important. El curs s&#039;impartir\u00e0 amb un m\u00ednim de 10 assistents.\" \/>\n<meta property=\"og:url\" content=\"https:\/\/cram.org\/ca\/cram\/curs-clinica-cetacis\/\" \/>\n<meta property=\"og:site_name\" content=\"CRAM\" \/>\n<meta property=\"article:publisher\" content=\"https:\/\/www.facebook.com\/fundacioncram\" \/>\n<meta property=\"article:modified_time\" content=\"2019-12-10T08:12:51+00:00\" \/>\n<meta property=\"og:image\" content=\"https:\/\/cram.org\/wp-content\/uploads\/2016\/01\/curso-formacion-cetaceos.jpg\" \/>\n\t<meta property=\"og:image:width\" content=\"1000\" \/>\n\t<meta property=\"og:image:height\" content=\"1000\" \/>\n\t<meta property=\"og:image:type\" content=\"image\/jpeg\" \/>\n<meta name=\"twitter:card\" content=\"summary_large_image\" \/>\n<meta name=\"twitter:site\" content=\"@crampress\" \/>\n<meta name=\"twitter:label1\" content=\"Temps estimat de lectura\" \/>\n\t<meta name=\"twitter:data1\" content=\"2 minuts\" \/>\n<script type=\"application\/ld+json\" class=\"yoast-schema-graph\">{\"@context\":\"https:\\\/\\\/schema.org\",\"@graph\":[{\"@type\":\"WebPage\",\"@id\":\"https:\\\/\\\/cram.org\\\/ca\\\/cram\\\/curs-clinica-cetacis\\\/\",\"url\":\"https:\\\/\\\/cram.org\\\/ca\\\/cram\\\/curs-clinica-cetacis\\\/\",\"name\":\"Curs de biologia, cl\u00ednica i conservaci\u00f3 de mam\u00edfers marins - CRAM\",\"isPartOf\":{\"@id\":\"https:\\\/\\\/cram.org\\\/#website\"},\"primaryImageOfPage\":{\"@id\":\"https:\\\/\\\/cram.org\\\/ca\\\/cram\\\/curs-clinica-cetacis\\\/#primaryimage\"},\"image\":{\"@id\":\"https:\\\/\\\/cram.org\\\/ca\\\/cram\\\/curs-clinica-cetacis\\\/#primaryimage\"},\"thumbnailUrl\":\"https:\\\/\\\/cram.org\\\/wp-content\\\/uploads\\\/2016\\\/01\\\/curso-formacion-cetaceos.jpg\",\"datePublished\":\"2019-09-25T10:53:00+00:00\",\"dateModified\":\"2019-12-10T08:12:51+00:00\",\"breadcrumb\":{\"@id\":\"https:\\\/\\\/cram.org\\\/ca\\\/cram\\\/curs-clinica-cetacis\\\/#breadcrumb\"},\"inLanguage\":\"ca\",\"potentialAction\":[{\"@type\":\"ReadAction\",\"target\":[\"https:\\\/\\\/cram.org\\\/ca\\\/cram\\\/curs-clinica-cetacis\\\/\"]}]},{\"@type\":\"ImageObject\",\"inLanguage\":\"ca\",\"@id\":\"https:\\\/\\\/cram.org\\\/ca\\\/cram\\\/curs-clinica-cetacis\\\/#primaryimage\",\"url\":\"https:\\\/\\\/cram.org\\\/wp-content\\\/uploads\\\/2016\\\/01\\\/curso-formacion-cetaceos.jpg\",\"contentUrl\":\"https:\\\/\\\/cram.org\\\/wp-content\\\/uploads\\\/2016\\\/01\\\/curso-formacion-cetaceos.jpg\",\"width\":1000,\"height\":1000},{\"@type\":\"BreadcrumbList\",\"@id\":\"https:\\\/\\\/cram.org\\\/ca\\\/cram\\\/curs-clinica-cetacis\\\/#breadcrumb\",\"itemListElement\":[{\"@type\":\"ListItem\",\"position\":1,\"name\":\"Portada\",\"item\":\"https:\\\/\\\/cram.org\\\/ca\\\/\"},{\"@type\":\"ListItem\",\"position\":2,\"name\":\"Tienda\",\"item\":\"https:\\\/\\\/cram.org\\\/tienda\\\/\"},{\"@type\":\"ListItem\",\"position\":3,\"name\":\"Curs de biologia, cl\u00ednica i conservaci\u00f3 de mam\u00edfers marins\"}]},{\"@type\":\"WebSite\",\"@id\":\"https:\\\/\\\/cram.org\\\/#website\",\"url\":\"https:\\\/\\\/cram.org\\\/\",\"name\":\"CRAM\",\"description\":\"Fundaci\u00f3 per a la Conservaci\u00f3 i Recuperaci\u00f3 d'Animals Marins\",\"publisher\":{\"@id\":\"https:\\\/\\\/cram.org\\\/#organization\"},\"potentialAction\":[{\"@type\":\"SearchAction\",\"target\":{\"@type\":\"EntryPoint\",\"urlTemplate\":\"https:\\\/\\\/cram.org\\\/?s={search_term_string}\"},\"query-input\":{\"@type\":\"PropertyValueSpecification\",\"valueRequired\":true,\"valueName\":\"search_term_string\"}}],\"inLanguage\":\"ca\"},{\"@type\":\"Organization\",\"@id\":\"https:\\\/\\\/cram.org\\\/#organization\",\"name\":\"FUNDACI\u00d3N CRAM\",\"url\":\"https:\\\/\\\/cram.org\\\/\",\"logo\":{\"@type\":\"ImageObject\",\"inLanguage\":\"ca\",\"@id\":\"https:\\\/\\\/cram.org\\\/#\\\/schema\\\/logo\\\/image\\\/\",\"url\":\"https:\\\/\\\/cram.org\\\/wp-content\\\/uploads\\\/2020\\\/11\\\/cram-logo-azul-inferior.png\",\"contentUrl\":\"https:\\\/\\\/cram.org\\\/wp-content\\\/uploads\\\/2020\\\/11\\\/cram-logo-azul-inferior.png\",\"width\":500,\"height\":500,\"caption\":\"FUNDACI\u00d3N CRAM\"},\"image\":{\"@id\":\"https:\\\/\\\/cram.org\\\/#\\\/schema\\\/logo\\\/image\\\/\"},\"sameAs\":[\"https:\\\/\\\/www.facebook.com\\\/fundacioncram\",\"https:\\\/\\\/x.com\\\/crampress\",\"https:\\\/\\\/www.youtube.com\\\/user\\\/FundacioCRAM\"]}]}<\/script>\n<!-- \/ Yoast SEO plugin. -->","yoast_head_json":{"title":"Curs de biologia, cl\u00ednica i conservaci\u00f3 de mam\u00edfers marins - CRAM","robots":{"index":"index","follow":"follow","max-snippet":"max-snippet:-1","max-image-preview":"max-image-preview:large","max-video-preview":"max-video-preview:-1"},"canonical":"https:\/\/cram.org\/ca\/cram\/curs-clinica-cetacis\/","og_locale":"ca_ES","og_type":"article","og_title":"Curs de biologia, cl\u00ednica i conservaci\u00f3 de mam\u00edfers marins - CRAM","og_description":"A qui va dirigit: Estudiants de Biologia, Ci\u00e8ncies del Mar i Veterinaria. Professionals del sector i tots aquells que sense cap formaci\u00f3 pr\u00e8via tinguin inter\u00e8s en adquirir coneixements i aprendre t\u00e8cniques espec\u00edfiques sobre aquest tema.  El 17 i 18 d'octubre de 2020.  Av\u00eds important. El curs s'impartir\u00e0 amb un m\u00ednim de 10 assistents.","og_url":"https:\/\/cram.org\/ca\/cram\/curs-clinica-cetacis\/","og_site_name":"CRAM","article_publisher":"https:\/\/www.facebook.com\/fundacioncram","article_modified_time":"2019-12-10T08:12:51+00:00","og_image":[{"width":1000,"height":1000,"url":"https:\/\/cram.org\/wp-content\/uploads\/2016\/01\/curso-formacion-cetaceos.jpg","type":"image\/jpeg"}],"twitter_card":"summary_large_image","twitter_site":"@crampress","twitter_misc":{"Temps estimat de lectura":"2 minuts"},"schema":{"@context":"https:\/\/schema.org","@graph":[{"@type":"WebPage","@id":"https:\/\/cram.org\/ca\/cram\/curs-clinica-cetacis\/","url":"https:\/\/cram.org\/ca\/cram\/curs-clinica-cetacis\/","name":"Curs de biologia, cl\u00ednica i conservaci\u00f3 de mam\u00edfers marins - CRAM","isPartOf":{"@id":"https:\/\/cram.org\/#website"},"primaryImageOfPage":{"@id":"https:\/\/cram.org\/ca\/cram\/curs-clinica-cetacis\/#primaryimage"},"image":{"@id":"https:\/\/cram.org\/ca\/cram\/curs-clinica-cetacis\/#primaryimage"},"thumbnailUrl":"https:\/\/cram.org\/wp-content\/uploads\/2016\/01\/curso-formacion-cetaceos.jpg","datePublished":"2019-09-25T10:53:00+00:00","dateModified":"2019-12-10T08:12:51+00:00","breadcrumb":{"@id":"https:\/\/cram.org\/ca\/cram\/curs-clinica-cetacis\/#breadcrumb"},"inLanguage":"ca","potentialAction":[{"@type":"ReadAction","target":["https:\/\/cram.org\/ca\/cram\/curs-clinica-cetacis\/"]}]},{"@type":"ImageObject","inLanguage":"ca","@id":"https:\/\/cram.org\/ca\/cram\/curs-clinica-cetacis\/#primaryimage","url":"https:\/\/cram.org\/wp-content\/uploads\/2016\/01\/curso-formacion-cetaceos.jpg","contentUrl":"https:\/\/cram.org\/wp-content\/uploads\/2016\/01\/curso-formacion-cetaceos.jpg","width":1000,"height":1000},{"@type":"BreadcrumbList","@id":"https:\/\/cram.org\/ca\/cram\/curs-clinica-cetacis\/#breadcrumb","itemListElement":[{"@type":"ListItem","position":1,"name":"Portada","item":"https:\/\/cram.org\/ca\/"},{"@type":"ListItem","position":2,"name":"Tienda","item":"https:\/\/cram.org\/tienda\/"},{"@type":"ListItem","position":3,"name":"Curs de biologia, cl\u00ednica i conservaci\u00f3 de mam\u00edfers marins"}]},{"@type":"WebSite","@id":"https:\/\/cram.org\/#website","url":"https:\/\/cram.org\/","name":"CRAM","description":"Fundaci\u00f3 per a la Conservaci\u00f3 i Recuperaci\u00f3 d'Animals Marins","publisher":{"@id":"https:\/\/cram.org\/#organization"},"potentialAction":[{"@type":"SearchAction","target":{"@type":"EntryPoint","urlTemplate":"https:\/\/cram.org\/?s={search_term_string}"},"query-input":{"@type":"PropertyValueSpecification","valueRequired":true,"valueName":"search_term_string"}}],"inLanguage":"ca"},{"@type":"Organization","@id":"https:\/\/cram.org\/#organization","name":"FUNDACI\u00d3N CRAM","url":"https:\/\/cram.org\/","logo":{"@type":"ImageObject","inLanguage":"ca","@id":"https:\/\/cram.org\/#\/schema\/logo\/image\/","url":"https:\/\/cram.org\/wp-content\/uploads\/2020\/11\/cram-logo-azul-inferior.png","contentUrl":"https:\/\/cram.org\/wp-content\/uploads\/2020\/11\/cram-logo-azul-inferior.png","width":500,"height":500,"caption":"FUNDACI\u00d3N CRAM"},"image":{"@id":"https:\/\/cram.org\/#\/schema\/logo\/image\/"},"sameAs":["https:\/\/www.facebook.com\/fundacioncram","https:\/\/x.com\/crampress","https:\/\/www.youtube.com\/user\/FundacioCRAM"]}]}},"_links":{"self":[{"href":"https:\/\/cram.org\/ca\/wp-json\/wp\/v2\/product\/29868","targetHints":{"allow":["GET"]}}],"collection":[{"href":"https:\/\/cram.org\/ca\/wp-json\/wp\/v2\/product"}],"about":[{"href":"https:\/\/cram.org\/ca\/wp-json\/wp\/v2\/types\/product"}],"replies":[{"embeddable":true,"href":"https:\/\/cram.org\/ca\/wp-json\/wp\/v2\/comments?post=29868"}],"wp:featuredmedia":[{"embeddable":true,"href":"https:\/\/cram.org\/ca\/wp-json\/wp\/v2\/media\/29789"}],"wp:attachment":[{"href":"https:\/\/cram.org\/ca\/wp-json\/wp\/v2\/media?parent=29868"}],"wp:term":[{"taxonomy":"product_brand","embeddable":true,"href":"https:\/\/cram.org\/ca\/wp-json\/wp\/v2\/product_brand?post=29868"},{"taxonomy":"product_cat","embeddable":true,"href":"https:\/\/cram.org\/ca\/wp-json\/wp\/v2\/product_cat?post=29868"},{"taxonomy":"product_tag","embeddable":true,"href":"https:\/\/cram.org\/ca\/wp-json\/wp\/v2\/product_tag?post=29868"}],"curies":[{"name":"wp","href":"https:\/\/api.w.org\/{rel}","templated":true}]}}