{"id":34962,"date":"2020-11-30T12:36:39","date_gmt":"2020-11-30T11:36:39","guid":{"rendered":"https:\/\/cram.org\/?post_type=product&#038;p=34962"},"modified":"2024-10-31T15:58:56","modified_gmt":"2024-10-31T14:58:56","slug":"apadrina-4x4","status":"publish","type":"product","link":"https:\/\/cram.org\/ca\/cram\/apadrina-4x4\/","title":{"rendered":"Apadrina a 4&#215;4"},"content":{"rendered":"<p style=\"text-align: justify;\">El 4\u00d74 \u00e9s una de les tortugues marines m\u00e9s grans del CRAM. Es calcula que va n\u00e9ixer cap a finals dels anys 60.<\/p>\n<p style=\"text-align: justify;\">La seva hist\u00f2ria \u00e9s ben curiosa perqu\u00e8 el pobre 4\u00d74 va ser pescat el 1969. La tortuga va ser comprada per un particular a un restaurant de l\u2019Ampolla quan pesava 500 g, pel que creiem que devia tenir aproximadament 1 any de vida.<\/p>\n<p style=\"text-align: justify;\">Des del 69 va viure a un local tancat, amb poca llum i en condicions molt dolentes. Durant tot aquest temps, la tortuga va viure en aigua salobre (d\u2019un pou, aigua de reg) fins l\u2019\u00faltim any, que el poble va disposar d\u2019aigua potable i es va mantenir amb aigua de l\u2019aixeta.<\/p>\n<p style=\"text-align: justify;\">Aquestes males condicions van ocasionar-li molts danys: p\u00e8rdua de pigmentaci\u00f3, p\u00e8rdua de musculatura i problemes de mobilitat\u2026<\/p>\n<p style=\"text-align: justify;\">El 1995 es va aprovar una llei referent a les esp\u00e8cies amena\u00e7ades que inclo\u00efa les tortugues marines pel que l\u2019equip de rescat de la Fundaci\u00f3 CRAM es va fer c\u00e0rrec de l\u2019animal immediatament i el va portar al Centre de Rescat per fer-li un reconeixement m\u00e8dic i millorar les seves condicions de vida.<\/p>\n<p>Al principi es veia molt complicat que la tortuga es recuper\u00e9s del tot. Tenia les articulacions molt atrofiades i no tenia for\u00e7a. Mica en mica per\u00f2 va fer un progr\u00e9s i va avan\u00e7ar fins a poder nedar, viure en aigua salada, a l\u2019aire lliure i sense infeccions, tal com la veiem ara\u2026 \u00e9s una tot terreny!<\/p>\n<p style=\"text-align: justify;\">Desgraciadament, tants anys de captivitat han fet que aquest exemplar no hagi pogut adquirir els recursos necessaris per aprendre a sobreviure per si mateix en el seu medi natural. \u00c9s per aix\u00f2 que viu a les instal\u00b7lacions del CRAM, on es troba ben alimentat gr\u00e0cies als seus padrins i disposa de la seva parcel\u00b7la per nedar i exercitar-se. El 4\u00d74 \u00e9s un dels exemplars m\u00e9s veterans del Centre i en aquests moments pesa, ni m\u00e9s ni menys, uns 78 quilos.<\/p>\n<h3 style=\"text-align: left;\"><strong>Convertir-te en padr\u00ed o padrina \u00e9s una manera molt especial de contribuir a la conservaci\u00f3 del medi mar\u00ed. Amb l&#8217;apadrinament gaudir\u00e0s de diferents avantatges:<\/strong><\/h3>\n<ul>\n<li style=\"text-align: justify;\">Certificat d&#8217;apadrinament personalitzat.<\/li>\n<li style=\"text-align: justify;\">Fitxa amb informaci\u00f3 de com va arribar la tortuga al CRAM i la seva evoluci\u00f3.<\/li>\n<li style=\"text-align: justify;\">Fotografies de la tortuga apadrinada.<\/li>\n<li style=\"text-align: justify;\">Peluix de tortuga marina fet amb pl\u00e0stic reciclat.<\/li>\n<li style=\"text-align: justify;\">Podr\u00e0s visitar el centre tantes vegades com vulguis per veure a la teva tortuga apadrinada (pr\u00e8via reserva) en la modalitat de visita guiada. A partir del segon any, pots triar una altra de les activitats ofertades (nom\u00e9s persona f\u00edsica).<\/li>\n<\/ul>\n<h3 style=\"text-align: justify;\">AJUDA AL CRAM A LA CONSERVACI\u00d3 DE LES TORTUGUES MARINES! <strong>APADRINA UNA TORTUGA!<\/strong><\/h3>\n<p style=\"text-align: justify;\">A TENIR EN COMPTE:<\/p>\n<ul>\n<li style=\"text-align: justify;\">Es tracta d\u2019una subscripci\u00f3 pel que es renovar\u00e0 la teva donaci\u00f3 de forma anual. En el cas que nom\u00e9s vulguis apadrinar una tortuga durant un any, des del teu compte del CRAM pots cancel\u00b7lar la subscripci\u00f3.<\/li>\n<li>Nom\u00e9s realitzem enviaments del pack d&#8217;apadrinament a Espanya.<\/li>\n<\/ul>\n","protected":false},"excerpt":{"rendered":"<h2 style=\"text-align: justify;\"><strong><span class=\"fusion-highlight custom-textcolor highlight1 awb-highlight-background\" style=\"background-color: #0098c3; color: #ffffff;\"><span class=\"titulo-banner-mobile\">Apadrina a la tortuga marina 4&#215;4\u00a0i contribueix a la conservaci\u00f3 d&#8217;una esp\u00e8cie en perill d&#8217;extinci\u00f3<\/span><\/span><\/strong><\/h2>\n<p style=\"text-align: justify;\">Una de les millors maneres d&#8217;oferir-nos la teva col\u2022laboraci\u00f3 \u00e9s fent-te padr\u00ed o padrina d&#8217;una de les tortugues. Les teves aportacions anuals ens permetran fer plans de futur.<br \/>\nUns plans que ens permeten fer previsions a llarg termini, donat que les tortugues poden superar els 90 anys de vida.<\/p>\n<p style=\"text-align: justify; font-weight: bold; color: #000;\"><em>IMPORTANT! Aquesta modalitat d&#8217;apadrinament est\u00e0 dirigida a persones f\u00edsiques (particulars). Si ets una empresa i vols col\u00b7laborar amb nosaltres, consulta la nostra p\u00e0gina sobre <a style=\"font-weight: bold; color: #248dc1; text-transform: uppercase;\" href=\"https:\/\/cram.org\/ca\/ajuda\/empreses\/\">Responsabilitat Social Corporativa<\/a> i posa&#8217;t en contacte amb nosaltres.<\/em><\/p>\n<h3 style=\"text-align: justify;\">AJUDA AL CRAM A LA CONSERVACI\u00d3 DE LES TORTUGUES MARINES! <strong>APADRINA UNA TORTUGA!<\/strong><\/h3>\n","protected":false},"featured_media":41294,"comment_status":"closed","ping_status":"closed","template":"","meta":{"_members_access_role":[],"_members_access_error":""},"product_brand":[],"product_cat":[96,173],"product_tag":[],"class_list":["post-34962","product","type-product","status-publish","has-post-thumbnail","product_cat-ajuda-al-cram","product_cat-apadrina-tortuga-ca","first","instock","taxable","shipping-taxable","purchasable","product-type-variable-subscription"],"yoast_head":"<!-- This site is optimized with the Yoast SEO plugin v28.3 - https:\/\/yoast.com\/product\/yoast-seo-wordpress\/ -->\n<title>Apadrina a la tortuga marina 4x4 - Col\u00b7labora amb CRAM<\/title>\n<meta name=\"description\" content=\"Una de les millors formes d&#039;oferir-nos la teva col\u00b7laboraci\u00f3 \u00e9s fent-te padr\u00ed o padrina d&#039;una de les tortugues marines del CRAM.\" \/>\n<meta name=\"robots\" content=\"noindex, nofollow\" \/>\n<meta property=\"og:locale\" content=\"ca_ES\" \/>\n<meta property=\"og:type\" content=\"article\" \/>\n<meta property=\"og:title\" content=\"Apadrina a la tortuga marina 4x4 - Col\u00b7labora amb CRAM\" \/>\n<meta property=\"og:description\" content=\"Una de les millors formes d&#039;oferir-nos la teva col\u00b7laboraci\u00f3 \u00e9s fent-te padr\u00ed o padrina d&#039;una de les tortugues marines del CRAM.\" \/>\n<meta property=\"og:url\" content=\"https:\/\/cram.org\/ca\/cram\/apadrina-4x4\/\" \/>\n<meta property=\"og:site_name\" content=\"CRAM\" \/>\n<meta property=\"article:publisher\" content=\"https:\/\/www.facebook.com\/fundacioncram\" \/>\n<meta property=\"article:modified_time\" content=\"2024-10-31T14:58:56+00:00\" \/>\n<meta property=\"og:image\" content=\"https:\/\/cram.org\/wp-content\/uploads\/2020\/11\/2022-4X4-5.jpg\" \/>\n\t<meta property=\"og:image:width\" content=\"1000\" \/>\n\t<meta property=\"og:image:height\" content=\"1000\" \/>\n\t<meta property=\"og:image:type\" content=\"image\/jpeg\" \/>\n<meta name=\"twitter:card\" content=\"summary_large_image\" \/>\n<meta name=\"twitter:site\" content=\"@crampress\" \/>\n<meta name=\"twitter:label1\" content=\"Temps estimat de lectura\" \/>\n\t<meta name=\"twitter:data1\" content=\"3 minuts\" \/>\n<script type=\"application\/ld+json\" class=\"yoast-schema-graph\">{\"@context\":\"https:\\\/\\\/schema.org\",\"@graph\":[{\"@type\":\"WebPage\",\"@id\":\"https:\\\/\\\/cram.org\\\/ca\\\/cram\\\/apadrina-4x4\\\/\",\"url\":\"https:\\\/\\\/cram.org\\\/ca\\\/cram\\\/apadrina-4x4\\\/\",\"name\":\"Apadrina a la tortuga marina 4x4 - Col\u00b7labora amb CRAM\",\"isPartOf\":{\"@id\":\"https:\\\/\\\/cram.org\\\/#website\"},\"primaryImageOfPage\":{\"@id\":\"https:\\\/\\\/cram.org\\\/ca\\\/cram\\\/apadrina-4x4\\\/#primaryimage\"},\"image\":{\"@id\":\"https:\\\/\\\/cram.org\\\/ca\\\/cram\\\/apadrina-4x4\\\/#primaryimage\"},\"thumbnailUrl\":\"https:\\\/\\\/cram.org\\\/wp-content\\\/uploads\\\/2020\\\/11\\\/2022-4X4-5.jpg\",\"datePublished\":\"2020-11-30T11:36:39+00:00\",\"dateModified\":\"2024-10-31T14:58:56+00:00\",\"description\":\"Una de les millors formes d'oferir-nos la teva col\u00b7laboraci\u00f3 \u00e9s fent-te padr\u00ed o padrina d'una de les tortugues marines del CRAM.\",\"breadcrumb\":{\"@id\":\"https:\\\/\\\/cram.org\\\/ca\\\/cram\\\/apadrina-4x4\\\/#breadcrumb\"},\"inLanguage\":\"ca\",\"potentialAction\":[{\"@type\":\"ReadAction\",\"target\":[\"https:\\\/\\\/cram.org\\\/ca\\\/cram\\\/apadrina-4x4\\\/\"]}]},{\"@type\":\"ImageObject\",\"inLanguage\":\"ca\",\"@id\":\"https:\\\/\\\/cram.org\\\/ca\\\/cram\\\/apadrina-4x4\\\/#primaryimage\",\"url\":\"https:\\\/\\\/cram.org\\\/wp-content\\\/uploads\\\/2020\\\/11\\\/2022-4X4-5.jpg\",\"contentUrl\":\"https:\\\/\\\/cram.org\\\/wp-content\\\/uploads\\\/2020\\\/11\\\/2022-4X4-5.jpg\",\"width\":1000,\"height\":1000},{\"@type\":\"BreadcrumbList\",\"@id\":\"https:\\\/\\\/cram.org\\\/ca\\\/cram\\\/apadrina-4x4\\\/#breadcrumb\",\"itemListElement\":[{\"@type\":\"ListItem\",\"position\":1,\"name\":\"Portada\",\"item\":\"https:\\\/\\\/cram.org\\\/ca\\\/\"},{\"@type\":\"ListItem\",\"position\":2,\"name\":\"Tienda\",\"item\":\"https:\\\/\\\/cram.org\\\/tienda\\\/\"},{\"@type\":\"ListItem\",\"position\":3,\"name\":\"Apadrina a 4&#215;4\"}]},{\"@type\":\"WebSite\",\"@id\":\"https:\\\/\\\/cram.org\\\/#website\",\"url\":\"https:\\\/\\\/cram.org\\\/\",\"name\":\"CRAM\",\"description\":\"Fundaci\u00f3 per a la Conservaci\u00f3 i Recuperaci\u00f3 d'Animals Marins\",\"publisher\":{\"@id\":\"https:\\\/\\\/cram.org\\\/#organization\"},\"potentialAction\":[{\"@type\":\"SearchAction\",\"target\":{\"@type\":\"EntryPoint\",\"urlTemplate\":\"https:\\\/\\\/cram.org\\\/?s={search_term_string}\"},\"query-input\":{\"@type\":\"PropertyValueSpecification\",\"valueRequired\":true,\"valueName\":\"search_term_string\"}}],\"inLanguage\":\"ca\"},{\"@type\":\"Organization\",\"@id\":\"https:\\\/\\\/cram.org\\\/#organization\",\"name\":\"FUNDACI\u00d3N CRAM\",\"url\":\"https:\\\/\\\/cram.org\\\/\",\"logo\":{\"@type\":\"ImageObject\",\"inLanguage\":\"ca\",\"@id\":\"https:\\\/\\\/cram.org\\\/#\\\/schema\\\/logo\\\/image\\\/\",\"url\":\"https:\\\/\\\/cram.org\\\/wp-content\\\/uploads\\\/2020\\\/11\\\/cram-logo-azul-inferior.png\",\"contentUrl\":\"https:\\\/\\\/cram.org\\\/wp-content\\\/uploads\\\/2020\\\/11\\\/cram-logo-azul-inferior.png\",\"width\":500,\"height\":500,\"caption\":\"FUNDACI\u00d3N CRAM\"},\"image\":{\"@id\":\"https:\\\/\\\/cram.org\\\/#\\\/schema\\\/logo\\\/image\\\/\"},\"sameAs\":[\"https:\\\/\\\/www.facebook.com\\\/fundacioncram\",\"https:\\\/\\\/x.com\\\/crampress\",\"https:\\\/\\\/www.youtube.com\\\/user\\\/FundacioCRAM\"]}]}<\/script>\n<!-- \/ Yoast SEO plugin. -->","yoast_head_json":{"title":"Apadrina a la tortuga marina 4x4 - Col\u00b7labora amb CRAM","description":"Una de les millors formes d'oferir-nos la teva col\u00b7laboraci\u00f3 \u00e9s fent-te padr\u00ed o padrina d'una de les tortugues marines del CRAM.","robots":{"index":"noindex","follow":"nofollow"},"og_locale":"ca_ES","og_type":"article","og_title":"Apadrina a la tortuga marina 4x4 - Col\u00b7labora amb CRAM","og_description":"Una de les millors formes d'oferir-nos la teva col\u00b7laboraci\u00f3 \u00e9s fent-te padr\u00ed o padrina d'una de les tortugues marines del CRAM.","og_url":"https:\/\/cram.org\/ca\/cram\/apadrina-4x4\/","og_site_name":"CRAM","article_publisher":"https:\/\/www.facebook.com\/fundacioncram","article_modified_time":"2024-10-31T14:58:56+00:00","og_image":[{"width":1000,"height":1000,"url":"https:\/\/cram.org\/wp-content\/uploads\/2020\/11\/2022-4X4-5.jpg","type":"image\/jpeg"}],"twitter_card":"summary_large_image","twitter_site":"@crampress","twitter_misc":{"Temps estimat de lectura":"3 minuts"},"schema":{"@context":"https:\/\/schema.org","@graph":[{"@type":"WebPage","@id":"https:\/\/cram.org\/ca\/cram\/apadrina-4x4\/","url":"https:\/\/cram.org\/ca\/cram\/apadrina-4x4\/","name":"Apadrina a la tortuga marina 4x4 - Col\u00b7labora amb CRAM","isPartOf":{"@id":"https:\/\/cram.org\/#website"},"primaryImageOfPage":{"@id":"https:\/\/cram.org\/ca\/cram\/apadrina-4x4\/#primaryimage"},"image":{"@id":"https:\/\/cram.org\/ca\/cram\/apadrina-4x4\/#primaryimage"},"thumbnailUrl":"https:\/\/cram.org\/wp-content\/uploads\/2020\/11\/2022-4X4-5.jpg","datePublished":"2020-11-30T11:36:39+00:00","dateModified":"2024-10-31T14:58:56+00:00","description":"Una de les millors formes d'oferir-nos la teva col\u00b7laboraci\u00f3 \u00e9s fent-te padr\u00ed o padrina d'una de les tortugues marines del CRAM.","breadcrumb":{"@id":"https:\/\/cram.org\/ca\/cram\/apadrina-4x4\/#breadcrumb"},"inLanguage":"ca","potentialAction":[{"@type":"ReadAction","target":["https:\/\/cram.org\/ca\/cram\/apadrina-4x4\/"]}]},{"@type":"ImageObject","inLanguage":"ca","@id":"https:\/\/cram.org\/ca\/cram\/apadrina-4x4\/#primaryimage","url":"https:\/\/cram.org\/wp-content\/uploads\/2020\/11\/2022-4X4-5.jpg","contentUrl":"https:\/\/cram.org\/wp-content\/uploads\/2020\/11\/2022-4X4-5.jpg","width":1000,"height":1000},{"@type":"BreadcrumbList","@id":"https:\/\/cram.org\/ca\/cram\/apadrina-4x4\/#breadcrumb","itemListElement":[{"@type":"ListItem","position":1,"name":"Portada","item":"https:\/\/cram.org\/ca\/"},{"@type":"ListItem","position":2,"name":"Tienda","item":"https:\/\/cram.org\/tienda\/"},{"@type":"ListItem","position":3,"name":"Apadrina a 4&#215;4"}]},{"@type":"WebSite","@id":"https:\/\/cram.org\/#website","url":"https:\/\/cram.org\/","name":"CRAM","description":"Fundaci\u00f3 per a la Conservaci\u00f3 i Recuperaci\u00f3 d'Animals Marins","publisher":{"@id":"https:\/\/cram.org\/#organization"},"potentialAction":[{"@type":"SearchAction","target":{"@type":"EntryPoint","urlTemplate":"https:\/\/cram.org\/?s={search_term_string}"},"query-input":{"@type":"PropertyValueSpecification","valueRequired":true,"valueName":"search_term_string"}}],"inLanguage":"ca"},{"@type":"Organization","@id":"https:\/\/cram.org\/#organization","name":"FUNDACI\u00d3N CRAM","url":"https:\/\/cram.org\/","logo":{"@type":"ImageObject","inLanguage":"ca","@id":"https:\/\/cram.org\/#\/schema\/logo\/image\/","url":"https:\/\/cram.org\/wp-content\/uploads\/2020\/11\/cram-logo-azul-inferior.png","contentUrl":"https:\/\/cram.org\/wp-content\/uploads\/2020\/11\/cram-logo-azul-inferior.png","width":500,"height":500,"caption":"FUNDACI\u00d3N CRAM"},"image":{"@id":"https:\/\/cram.org\/#\/schema\/logo\/image\/"},"sameAs":["https:\/\/www.facebook.com\/fundacioncram","https:\/\/x.com\/crampress","https:\/\/www.youtube.com\/user\/FundacioCRAM"]}]}},"_links":{"self":[{"href":"https:\/\/cram.org\/ca\/wp-json\/wp\/v2\/product\/34962","targetHints":{"allow":["GET"]}}],"collection":[{"href":"https:\/\/cram.org\/ca\/wp-json\/wp\/v2\/product"}],"about":[{"href":"https:\/\/cram.org\/ca\/wp-json\/wp\/v2\/types\/product"}],"replies":[{"embeddable":true,"href":"https:\/\/cram.org\/ca\/wp-json\/wp\/v2\/comments?post=34962"}],"wp:featuredmedia":[{"embeddable":true,"href":"https:\/\/cram.org\/ca\/wp-json\/wp\/v2\/media\/41294"}],"wp:attachment":[{"href":"https:\/\/cram.org\/ca\/wp-json\/wp\/v2\/media?parent=34962"}],"wp:term":[{"taxonomy":"product_brand","embeddable":true,"href":"https:\/\/cram.org\/ca\/wp-json\/wp\/v2\/product_brand?post=34962"},{"taxonomy":"product_cat","embeddable":true,"href":"https:\/\/cram.org\/ca\/wp-json\/wp\/v2\/product_cat?post=34962"},{"taxonomy":"product_tag","embeddable":true,"href":"https:\/\/cram.org\/ca\/wp-json\/wp\/v2\/product_tag?post=34962"}],"curies":[{"name":"wp","href":"https:\/\/api.w.org\/{rel}","templated":true}]}}