{"id":46822,"date":"2024-07-18T10:47:38","date_gmt":"2024-07-18T09:47:38","guid":{"rendered":"https:\/\/cram.org\/?post_type=product&#038;p=46822"},"modified":"2024-07-18T10:48:15","modified_gmt":"2024-07-18T09:48:15","slug":"amic-cram","status":"publish","type":"product","link":"https:\/\/cram.org\/ca\/cram\/amic-cram\/","title":{"rendered":"Amic del CRAM"},"content":{"rendered":"<h2 style=\"text-align: justify;\">Per tal de poder seguir desenvolupant totes les nostres activitats, et necessitem!<\/h2>\n<p style=\"text-align: justify;\"><span style=\"line-height: 1.5em;\">Els nostres objectius s\u00f3n desenvolupar el coneixement de les malalties i l&#8217;assist\u00e8ncia cl\u00ednica a les esp\u00e8cies marines amena\u00e7ades utilitzant t\u00e8cniques no invasives ni doloroses, fomentar projectes d&#8217;investigaci\u00f3 amb la finalitat de trobar solucions a al regressio de poblacions mediterr\u00e0nies, sensibilitzar i educar la societat per afavorir la conservaci\u00f3 del medi mar\u00ed.<\/span><\/p>\n<p style=\"text-align: justify;\">El Centre de Recuperaci\u00f3 de la Fundaci\u00f3 CRAM est\u00e0 integrat en els espais del Delta del Llobregat. Disposem de sis zones especialitzades que ens permeten dur a terme les nostres activitats:<\/p>\n<ul>\n<li style=\"text-align: justify;\">Edifici d&#8217;investigaci\u00f3.<\/li>\n<li style=\"text-align: justify;\">Edifici d&#8217;educaci\u00f3.<\/li>\n<li style=\"text-align: justify;\">Edifici de cl\u00ednica.<\/li>\n<li style=\"text-align: justify;\">\u00c0rea de recuperaci\u00f3 de tortugues.<\/li>\n<li style=\"text-align: justify;\">\u00c0rea de recuperaci\u00f3 d&#8217;aus.<\/li>\n<li style=\"text-align: justify;\">\u00c0rea de recuperaci\u00f3 de cetacis.<\/li>\n<\/ul>\n<h2 style=\"text-align: justify;\">Com a Amic del CRAM tindr\u00e0s els seg\u00fcents avantatges:<\/h2>\n<ul>\n<li style=\"text-align: justify;\">1 entrada gratu\u00efta cada any al centre de recuperaci\u00f3 (pr\u00e8via reserva) en la modalitat de visita guiada. A partir del segon any, pots triar una altra de les activitats ofertades.<\/li>\n<li style=\"text-align: justify;\">Preus especials en tots els productes CRAM.<\/li>\n<li style=\"text-align: justify;\">Preus especials en cursos i seminaris CRAM.<\/li>\n<li>Carta de benvinguda.<\/li>\n<li>Petit detall de benvinguda.<\/li>\n<\/ul>\n<h3 style=\"text-align: justify;\">T&#8217;esperem perqu\u00e8 entris a formar part de la comunitat d&#8217;Amics del CRAM!<\/h3>\n<p style=\"text-align: justify;\">A TENIR EN COMPTE:\u00a0Es tracta d\u2019una subscripci\u00f3 pel que es renovar\u00e0 la teva donaci\u00f3 de forma anual. En el cas que nom\u00e9s vulguis col\u00b7laborar amb nosaltres durant un any, des del teu compte del CRAM pots cancel\u00b7lar la subscripci\u00f3.<\/p>\n","protected":false},"excerpt":{"rendered":"<h2 style=\"text-align: justify;\">Fes-te Amic del CRAM perqu\u00e8 puguem seguir tenint cura del nostre planeta<\/h2>\n<p style=\"text-align: justify;\">Els Amics del CRAM sou el nostre actiu m\u00e9s important, la base social que d\u00f3na veu i for\u00e7a a la nostra tasca en defensa del mar i de les seves esp\u00e8cies protegides. Amb el teu suport d\u00f3nes sentit a la nostra feina. Forma part d&#8217;un equip d&#8217;acci\u00f3 que obt\u00e9 resultats palpables amb la reintroducci\u00f3 d&#8217;esp\u00e8cies marines recuperades al mar.<\/p>\n<h3 style=\"text-align: justify;\">T&#8217;esperem perqu\u00e8 entris a formar part de la comunitat d&#8217;Amics del CRAM!<\/h3>\n","protected":false},"featured_media":46811,"comment_status":"closed","ping_status":"closed","template":"","meta":{"_members_access_role":[],"_members_access_error":""},"product_brand":[],"product_cat":[96,172],"product_tag":[],"class_list":["post-46822","product","type-product","status-publish","has-post-thumbnail","product_cat-ajuda-al-cram","product_cat-amic-del-cram","first","instock","taxable","shipping-taxable","purchasable","product-type-variable-subscription"],"yoast_head":"<!-- This site is optimized with the Yoast SEO plugin v28.3 - https:\/\/yoast.com\/product\/yoast-seo-wordpress\/ -->\n<title>Amic del CRAM - CRAM<\/title>\n<meta name=\"robots\" content=\"noindex, nofollow\" \/>\n<meta property=\"og:locale\" content=\"ca_ES\" \/>\n<meta property=\"og:type\" content=\"article\" \/>\n<meta property=\"og:title\" content=\"Amic del CRAM - CRAM\" \/>\n<meta property=\"og:description\" content=\"Fes-te Amic del CRAM perqu\u00e8 puguem seguir tenint cura del nostre planeta Els Amics del CRAM sou el nostre actiu m\u00e9s important, la base social que d\u00f3na veu i for\u00e7a a la nostra tasca en defensa del mar i de les seves esp\u00e8cies protegides. Amb el teu suport d\u00f3nes sentit a la nostra feina. Forma part d&#039;un equip d&#039;acci\u00f3 que obt\u00e9 resultats palpables amb la reintroducci\u00f3 d&#039;esp\u00e8cies marines recuperades al mar.  T&#039;esperem perqu\u00e8 entris a formar part de la comunitat d&#039;Amics del CRAM!\" \/>\n<meta property=\"og:url\" content=\"https:\/\/cram.org\/ca\/cram\/amic-cram\/\" \/>\n<meta property=\"og:site_name\" content=\"CRAM\" \/>\n<meta property=\"article:publisher\" content=\"https:\/\/www.facebook.com\/fundacioncram\" \/>\n<meta property=\"article:modified_time\" content=\"2024-07-18T09:48:15+00:00\" \/>\n<meta property=\"og:image\" content=\"https:\/\/cram.org\/wp-content\/uploads\/2024\/06\/amics-cram-web-1.jpg\" \/>\n\t<meta property=\"og:image:width\" content=\"1000\" \/>\n\t<meta property=\"og:image:height\" content=\"1000\" \/>\n\t<meta property=\"og:image:type\" content=\"image\/jpeg\" \/>\n<meta name=\"twitter:card\" content=\"summary_large_image\" \/>\n<meta name=\"twitter:site\" content=\"@crampress\" \/>\n<meta name=\"twitter:label1\" content=\"Temps estimat de lectura\" \/>\n\t<meta name=\"twitter:data1\" content=\"2 minuts\" \/>\n<script type=\"application\/ld+json\" class=\"yoast-schema-graph\">{\"@context\":\"https:\\\/\\\/schema.org\",\"@graph\":[{\"@type\":\"WebPage\",\"@id\":\"https:\\\/\\\/cram.org\\\/ca\\\/cram\\\/amic-cram\\\/\",\"url\":\"https:\\\/\\\/cram.org\\\/ca\\\/cram\\\/amic-cram\\\/\",\"name\":\"Amic del CRAM - CRAM\",\"isPartOf\":{\"@id\":\"https:\\\/\\\/cram.org\\\/#website\"},\"primaryImageOfPage\":{\"@id\":\"https:\\\/\\\/cram.org\\\/ca\\\/cram\\\/amic-cram\\\/#primaryimage\"},\"image\":{\"@id\":\"https:\\\/\\\/cram.org\\\/ca\\\/cram\\\/amic-cram\\\/#primaryimage\"},\"thumbnailUrl\":\"https:\\\/\\\/cram.org\\\/wp-content\\\/uploads\\\/2024\\\/06\\\/amics-cram-web-1.jpg\",\"datePublished\":\"2024-07-18T09:47:38+00:00\",\"dateModified\":\"2024-07-18T09:48:15+00:00\",\"breadcrumb\":{\"@id\":\"https:\\\/\\\/cram.org\\\/ca\\\/cram\\\/amic-cram\\\/#breadcrumb\"},\"inLanguage\":\"ca\",\"potentialAction\":[{\"@type\":\"ReadAction\",\"target\":[\"https:\\\/\\\/cram.org\\\/ca\\\/cram\\\/amic-cram\\\/\"]}]},{\"@type\":\"ImageObject\",\"inLanguage\":\"ca\",\"@id\":\"https:\\\/\\\/cram.org\\\/ca\\\/cram\\\/amic-cram\\\/#primaryimage\",\"url\":\"https:\\\/\\\/cram.org\\\/wp-content\\\/uploads\\\/2024\\\/06\\\/amics-cram-web-1.jpg\",\"contentUrl\":\"https:\\\/\\\/cram.org\\\/wp-content\\\/uploads\\\/2024\\\/06\\\/amics-cram-web-1.jpg\",\"width\":1000,\"height\":1000},{\"@type\":\"BreadcrumbList\",\"@id\":\"https:\\\/\\\/cram.org\\\/ca\\\/cram\\\/amic-cram\\\/#breadcrumb\",\"itemListElement\":[{\"@type\":\"ListItem\",\"position\":1,\"name\":\"Portada\",\"item\":\"https:\\\/\\\/cram.org\\\/ca\\\/\"},{\"@type\":\"ListItem\",\"position\":2,\"name\":\"Tienda\",\"item\":\"https:\\\/\\\/cram.org\\\/tienda\\\/\"},{\"@type\":\"ListItem\",\"position\":3,\"name\":\"Amic del CRAM\"}]},{\"@type\":\"WebSite\",\"@id\":\"https:\\\/\\\/cram.org\\\/#website\",\"url\":\"https:\\\/\\\/cram.org\\\/\",\"name\":\"CRAM\",\"description\":\"Fundaci\u00f3 per a la Conservaci\u00f3 i Recuperaci\u00f3 d'Animals Marins\",\"publisher\":{\"@id\":\"https:\\\/\\\/cram.org\\\/#organization\"},\"potentialAction\":[{\"@type\":\"SearchAction\",\"target\":{\"@type\":\"EntryPoint\",\"urlTemplate\":\"https:\\\/\\\/cram.org\\\/?s={search_term_string}\"},\"query-input\":{\"@type\":\"PropertyValueSpecification\",\"valueRequired\":true,\"valueName\":\"search_term_string\"}}],\"inLanguage\":\"ca\"},{\"@type\":\"Organization\",\"@id\":\"https:\\\/\\\/cram.org\\\/#organization\",\"name\":\"FUNDACI\u00d3N CRAM\",\"url\":\"https:\\\/\\\/cram.org\\\/\",\"logo\":{\"@type\":\"ImageObject\",\"inLanguage\":\"ca\",\"@id\":\"https:\\\/\\\/cram.org\\\/#\\\/schema\\\/logo\\\/image\\\/\",\"url\":\"https:\\\/\\\/cram.org\\\/wp-content\\\/uploads\\\/2020\\\/11\\\/cram-logo-azul-inferior.png\",\"contentUrl\":\"https:\\\/\\\/cram.org\\\/wp-content\\\/uploads\\\/2020\\\/11\\\/cram-logo-azul-inferior.png\",\"width\":500,\"height\":500,\"caption\":\"FUNDACI\u00d3N CRAM\"},\"image\":{\"@id\":\"https:\\\/\\\/cram.org\\\/#\\\/schema\\\/logo\\\/image\\\/\"},\"sameAs\":[\"https:\\\/\\\/www.facebook.com\\\/fundacioncram\",\"https:\\\/\\\/x.com\\\/crampress\",\"https:\\\/\\\/www.youtube.com\\\/user\\\/FundacioCRAM\"]}]}<\/script>\n<!-- \/ Yoast SEO plugin. -->","yoast_head_json":{"title":"Amic del CRAM - CRAM","robots":{"index":"noindex","follow":"nofollow"},"og_locale":"ca_ES","og_type":"article","og_title":"Amic del CRAM - CRAM","og_description":"Fes-te Amic del CRAM perqu\u00e8 puguem seguir tenint cura del nostre planeta Els Amics del CRAM sou el nostre actiu m\u00e9s important, la base social que d\u00f3na veu i for\u00e7a a la nostra tasca en defensa del mar i de les seves esp\u00e8cies protegides. Amb el teu suport d\u00f3nes sentit a la nostra feina. Forma part d'un equip d'acci\u00f3 que obt\u00e9 resultats palpables amb la reintroducci\u00f3 d'esp\u00e8cies marines recuperades al mar.  T'esperem perqu\u00e8 entris a formar part de la comunitat d'Amics del CRAM!","og_url":"https:\/\/cram.org\/ca\/cram\/amic-cram\/","og_site_name":"CRAM","article_publisher":"https:\/\/www.facebook.com\/fundacioncram","article_modified_time":"2024-07-18T09:48:15+00:00","og_image":[{"width":1000,"height":1000,"url":"https:\/\/cram.org\/wp-content\/uploads\/2024\/06\/amics-cram-web-1.jpg","type":"image\/jpeg"}],"twitter_card":"summary_large_image","twitter_site":"@crampress","twitter_misc":{"Temps estimat de lectura":"2 minuts"},"schema":{"@context":"https:\/\/schema.org","@graph":[{"@type":"WebPage","@id":"https:\/\/cram.org\/ca\/cram\/amic-cram\/","url":"https:\/\/cram.org\/ca\/cram\/amic-cram\/","name":"Amic del CRAM - CRAM","isPartOf":{"@id":"https:\/\/cram.org\/#website"},"primaryImageOfPage":{"@id":"https:\/\/cram.org\/ca\/cram\/amic-cram\/#primaryimage"},"image":{"@id":"https:\/\/cram.org\/ca\/cram\/amic-cram\/#primaryimage"},"thumbnailUrl":"https:\/\/cram.org\/wp-content\/uploads\/2024\/06\/amics-cram-web-1.jpg","datePublished":"2024-07-18T09:47:38+00:00","dateModified":"2024-07-18T09:48:15+00:00","breadcrumb":{"@id":"https:\/\/cram.org\/ca\/cram\/amic-cram\/#breadcrumb"},"inLanguage":"ca","potentialAction":[{"@type":"ReadAction","target":["https:\/\/cram.org\/ca\/cram\/amic-cram\/"]}]},{"@type":"ImageObject","inLanguage":"ca","@id":"https:\/\/cram.org\/ca\/cram\/amic-cram\/#primaryimage","url":"https:\/\/cram.org\/wp-content\/uploads\/2024\/06\/amics-cram-web-1.jpg","contentUrl":"https:\/\/cram.org\/wp-content\/uploads\/2024\/06\/amics-cram-web-1.jpg","width":1000,"height":1000},{"@type":"BreadcrumbList","@id":"https:\/\/cram.org\/ca\/cram\/amic-cram\/#breadcrumb","itemListElement":[{"@type":"ListItem","position":1,"name":"Portada","item":"https:\/\/cram.org\/ca\/"},{"@type":"ListItem","position":2,"name":"Tienda","item":"https:\/\/cram.org\/tienda\/"},{"@type":"ListItem","position":3,"name":"Amic del CRAM"}]},{"@type":"WebSite","@id":"https:\/\/cram.org\/#website","url":"https:\/\/cram.org\/","name":"CRAM","description":"Fundaci\u00f3 per a la Conservaci\u00f3 i Recuperaci\u00f3 d'Animals Marins","publisher":{"@id":"https:\/\/cram.org\/#organization"},"potentialAction":[{"@type":"SearchAction","target":{"@type":"EntryPoint","urlTemplate":"https:\/\/cram.org\/?s={search_term_string}"},"query-input":{"@type":"PropertyValueSpecification","valueRequired":true,"valueName":"search_term_string"}}],"inLanguage":"ca"},{"@type":"Organization","@id":"https:\/\/cram.org\/#organization","name":"FUNDACI\u00d3N CRAM","url":"https:\/\/cram.org\/","logo":{"@type":"ImageObject","inLanguage":"ca","@id":"https:\/\/cram.org\/#\/schema\/logo\/image\/","url":"https:\/\/cram.org\/wp-content\/uploads\/2020\/11\/cram-logo-azul-inferior.png","contentUrl":"https:\/\/cram.org\/wp-content\/uploads\/2020\/11\/cram-logo-azul-inferior.png","width":500,"height":500,"caption":"FUNDACI\u00d3N CRAM"},"image":{"@id":"https:\/\/cram.org\/#\/schema\/logo\/image\/"},"sameAs":["https:\/\/www.facebook.com\/fundacioncram","https:\/\/x.com\/crampress","https:\/\/www.youtube.com\/user\/FundacioCRAM"]}]}},"_links":{"self":[{"href":"https:\/\/cram.org\/ca\/wp-json\/wp\/v2\/product\/46822","targetHints":{"allow":["GET"]}}],"collection":[{"href":"https:\/\/cram.org\/ca\/wp-json\/wp\/v2\/product"}],"about":[{"href":"https:\/\/cram.org\/ca\/wp-json\/wp\/v2\/types\/product"}],"replies":[{"embeddable":true,"href":"https:\/\/cram.org\/ca\/wp-json\/wp\/v2\/comments?post=46822"}],"wp:featuredmedia":[{"embeddable":true,"href":"https:\/\/cram.org\/ca\/wp-json\/wp\/v2\/media\/46811"}],"wp:attachment":[{"href":"https:\/\/cram.org\/ca\/wp-json\/wp\/v2\/media?parent=46822"}],"wp:term":[{"taxonomy":"product_brand","embeddable":true,"href":"https:\/\/cram.org\/ca\/wp-json\/wp\/v2\/product_brand?post=46822"},{"taxonomy":"product_cat","embeddable":true,"href":"https:\/\/cram.org\/ca\/wp-json\/wp\/v2\/product_cat?post=46822"},{"taxonomy":"product_tag","embeddable":true,"href":"https:\/\/cram.org\/ca\/wp-json\/wp\/v2\/product_tag?post=46822"}],"curies":[{"name":"wp","href":"https:\/\/api.w.org\/{rel}","templated":true}]}}